{"id":14773,"date":"2020-04-28T09:06:00","date_gmt":"2020-04-28T07:06:00","guid":{"rendered":"http:\/\/www.finelouche.petitlezard.com\/?post_type=project&#038;p=14773"},"modified":"2020-09-13T18:36:35","modified_gmt":"2020-09-13T16:36:35","slug":"14773","status":"publish","type":"project","link":"http:\/\/www.finelouche.petitlezard.com\/?project=14773","title":{"rendered":"La Pierre Magique (tome 3 \u00e0 venir)"},"content":{"rendered":"<p>[et_pb_section fb_built=\u00a0\u00bb1&Prime; _builder_version=\u00a0\u00bb3.19.15&Prime; custom_padding=\u00a0\u00bb50px|0px|50px|0|false|false\u00a0\u00bb][et_pb_row use_custom_width=\u00a0\u00bbon\u00a0\u00bb width_unit=\u00a0\u00bboff\u00a0\u00bb custom_width_percent=\u00a0\u00bb100%\u00a0\u00bb use_custom_gutter=\u00a0\u00bbon\u00a0\u00bb custom_padding=\u00a0\u00bb0|0px|0|0|false|false\u00a0\u00bb _builder_version=\u00a0\u00bb3.19.15&Prime; module_alignment=\u00a0\u00bbcenter\u00a0\u00bb][et_pb_column type=\u00a0\u00bb4_4&Prime; _builder_version=\u00a0\u00bb3.19.15&Prime;][et_pb_post_nav in_same_term=\u00a0\u00bbon\u00a0\u00bb _builder_version=\u00a0\u00bb3.19.15&Prime; title_font=\u00a0\u00bb||||||||\u00a0\u00bb title_text_color=\u00a0\u00bb#000000&Prime; title_font_size=\u00a0\u00bb16px\u00a0\u00bb][\/et_pb_post_nav][\/et_pb_column][\/et_pb_row][et_pb_row _builder_version=\u00a0\u00bb3.19.15&Prime;][et_pb_column type=\u00a0\u00bb1_2&Prime; _builder_version=\u00a0\u00bb3.19.15&Prime;][et_pb_image src=\u00a0\u00bbhttp:\/\/www.finelouche.petitlezard.com\/wp-content\/uploads\/2020\/06\/couv-VA3-scaled.jpg\u00a0\u00bb _builder_version=\u00a0\u00bb3.19.15&Prime; box_shadow_style=\u00a0\u00bbpreset1&Prime;][\/et_pb_image][\/et_pb_column][et_pb_column type=\u00a0\u00bb1_2&Prime; _builder_version=\u00a0\u00bb3.19.15&Prime;][et_pb_text _builder_version=\u00a0\u00bb3.19.15&Prime;]<\/p>\n<h1>La Pierre Magique<\/h1>\n<h1>(tome 3 \u00e0 venir)<\/h1>\n<p>[\/et_pb_text][et_pb_text _builder_version=\u00a0\u00bb3.19.15&Prime;]Dans ce troisi\u00e8me tome, Victor et Ad\u00e9lie, toujours sous la protection de Kamalakar, espion de sa Royale Majest\u00e9 d&rsquo;Angleterre, arrivent au Bangab\u00e9, en plein coeur de l&rsquo;Afrique !<\/p>\n<p>De nombreux dangers les attendent dans ce pays o\u00f9 l&rsquo;organisation des Cinq Cr\u00e2nes fait loi ![\/et_pb_text][et_pb_cta title=\u00a0\u00bbCommander en ligne \u00e0 partir du 15 octobre\u00a0\u00bb button_url=\u00a0\u00bbhttps:\/\/shop.lezardnoir.com\/fr\/petit-lezard\/436-victor-et-adelie-l-inconnu-au-turban-9782353481378.html\u00a0\u00bb url_new_window=\u00a0\u00bbon\u00a0\u00bb _builder_version=\u00a0\u00bb3.19.15&Prime; header_font=\u00a0\u00bb||||||||\u00a0\u00bb header_text_align=\u00a0\u00bbleft\u00a0\u00bb body_font=\u00a0\u00bb||||||||\u00a0\u00bb use_background_color=\u00a0\u00bboff\u00a0\u00bb button_rel=\u00a0\u00bboff|on|off|off|off\u00a0\u00bb text_orientation=\u00a0\u00bbleft\u00a0\u00bb link_option_url=\u00a0\u00bbhttps:\/\/shop.lezardnoir.com\/fr\/petit-lezard\/436-victor-et-adelie-l-inconnu-au-turban-9782353481378.html\u00a0\u00bb link_option_url_new_window=\u00a0\u00bbon\u00a0\u00bb locked=\u00a0\u00bboff\u00a0\u00bb]<img loading=\"lazy\" decoding=\"async\" class=\"wp-image-13697 aligncenter size-full\" style=\"float: left;\" src=\"http:\/\/www.finelouche.petitlezard.com\/wp-content\/uploads\/2019\/03\/petitlzard-icon.png\" alt=\"Logo du petit l\u00e9zard\" width=\"50\" height=\"50\" srcset=\"http:\/\/www.finelouche.petitlezard.com\/wp-content\/uploads\/2019\/03\/petitlzard-icon.png 50w, http:\/\/www.finelouche.petitlezard.com\/wp-content\/uploads\/2019\/03\/petitlzard-icon-24x24.png 24w, http:\/\/www.finelouche.petitlezard.com\/wp-content\/uploads\/2019\/03\/petitlzard-icon-36x36.png 36w, http:\/\/www.finelouche.petitlezard.com\/wp-content\/uploads\/2019\/03\/petitlzard-icon-48x48.png 48w, http:\/\/www.finelouche.petitlezard.com\/wp-content\/uploads\/2019\/03\/petitlzard-icon-45x45.png 45w\" sizes=\"auto, (max-width: 50px) 100vw, 50px\" \/>[\/et_pb_cta][\/et_pb_column][\/et_pb_row][et_pb_row _builder_version=\u00a0\u00bb3.19.15&Prime;][et_pb_column type=\u00a0\u00bb1_4&Prime; _builder_version=\u00a0\u00bb3.19.15&Prime;][\/et_pb_column][et_pb_column type=\u00a0\u00bb1_2&Prime; _builder_version=\u00a0\u00bb3.19.15&Prime;][et_pb_video box_shadow_style=\u00a0\u00bbpreset1&Prime; src=\u00a0\u00bbhttp:\/\/www.finelouche.petitlezard.com\/wp-content\/uploads\/2020\/09\/VA-T3.mp4&Prime; _builder_version=\u00a0\u00bb3.19.15&Prime;][\/et_pb_video][\/et_pb_column][et_pb_column type=\u00a0\u00bb1_4&Prime; _builder_version=\u00a0\u00bb3.19.15&Prime;][\/et_pb_column][\/et_pb_row][et_pb_row _builder_version=\u00a0\u00bb3.19.15&Prime;][et_pb_column type=\u00a0\u00bb4_4&Prime; _builder_version=\u00a0\u00bb3.19.15&Prime;][et_pb_text _builder_version=\u00a0\u00bb3.19.15&Prime;]<span style=\"font-size: x-large;\">Plongez dans un premier aper\u00e7u du tome 3 des aventures de Victor et Ad\u00e9lie !\u00a0 \u00a0 \u00a0 \u00a0 \u00a0 \u00a0 \u00a0 \u00a0 \u00a0 \u00a0 \u00a0A para\u00eetre mi-octobre 2020 !<\/span>[\/et_pb_text][\/et_pb_column][\/et_pb_row][et_pb_row _builder_version=\u00a0\u00bb3.19.15&Prime;][et_pb_column type=\u00a0\u00bb4_4&Prime; _builder_version=\u00a0\u00bb3.19.15&Prime;][et_pb_gallery gallery_ids=\u00a0\u00bb14782,14783,14784,14785&Prime; _builder_version=\u00a0\u00bb3.19.15&Prime;][\/et_pb_gallery][\/et_pb_column][\/et_pb_row][\/et_pb_section][et_pb_section fb_built=\u00a0\u00bb1&Prime; _builder_version=\u00a0\u00bb3.19.15&Prime;][\/et_pb_section]<\/p>\n","protected":false},"excerpt":{"rendered":"<p>[et_pb_section fb_built=\u00a0\u00bb1&Prime; _builder_version=\u00a0\u00bb3.19.15&Prime; custom_padding=\u00a0\u00bb50px|0px|50px|0|false|false\u00a0\u00bb][et_pb_row use_custom_width=\u00a0\u00bbon\u00a0\u00bb width_unit=\u00a0\u00bboff\u00a0\u00bb custom_width_percent=\u00a0\u00bb100%\u00a0\u00bb use_custom_gutter=\u00a0\u00bbon\u00a0\u00bb custom_padding=\u00a0\u00bb0|0px|0|0|false|false\u00a0\u00bb _builder_version=\u00a0\u00bb3.19.15&Prime; module_alignment=\u00a0\u00bbcenter\u00a0\u00bb][et_pb_column type=\u00a0\u00bb4_4&Prime; _builder_version=\u00a0\u00bb3.19.15&Prime;][et_pb_post_nav in_same_term=\u00a0\u00bbon\u00a0\u00bb _builder_version=\u00a0\u00bb3.19.15&Prime; title_font=\u00a0\u00bb||||||||\u00a0\u00bb title_text_color=\u00a0\u00bb#000000&Prime; title_font_size=\u00a0\u00bb16px\u00a0\u00bb][\/et_pb_post_nav][\/et_pb_column][\/et_pb_row][et_pb_row _builder_version=\u00a0\u00bb3.19.15&Prime;][et_pb_column type=\u00a0\u00bb1_2&Prime; _builder_version=\u00a0\u00bb3.19.15&Prime;][et_pb_image src=\u00a0\u00bbhttp:\/\/www.finelouche.petitlezard.com\/wp-content\/uploads\/2020\/06\/couv-VA3-scaled.jpg\u00a0\u00bb _builder_version=\u00a0\u00bb3.19.15&Prime; box_shadow_style=\u00a0\u00bbpreset1&Prime;][\/et_pb_image][\/et_pb_column][et_pb_column type=\u00a0\u00bb1_2&Prime; _builder_version=\u00a0\u00bb3.19.15&Prime;][et_pb_text _builder_version=\u00a0\u00bb3.19.15&Prime;] La Pierre Magique (tome 3 \u00e0 venir) [\/et_pb_text][et_pb_text _builder_version=\u00a0\u00bb3.19.15&Prime;]Dans ce troisi\u00e8me tome, Victor et Ad\u00e9lie, toujours sous la protection de Kamalakar, espion de sa Royale Majest\u00e9 d&rsquo;Angleterre, arrivent [&hellip;]<\/p>\n","protected":false},"author":1,"featured_media":16016,"comment_status":"open","ping_status":"closed","template":"","meta":{"_et_pb_use_builder":"on","_et_pb_old_content":"","spay_email":"","footnotes":""},"project_category":[17],"project_tag":[],"class_list":["post-14773","project","type-project","status-publish","has-post-thumbnail","hentry","project_category-victor-et-adelie"],"yoast_head":"<!-- This site is optimized with the Yoast SEO plugin v18.6 - https:\/\/yoast.com\/wordpress\/plugins\/seo\/ -->\n<title>La Pierre Magique (tome 3 \u00e0 venir) - Finelouche - Laurent Audouin - Am\u00e9lie Sarn<\/title>\n<meta name=\"description\" content=\"D\u00e9couvrez les tomes des s\u00e9ries de bandes desinn\u00e9es Les Aventures Fantastiques de Sacr\u00e9-C\u0153ur et Victor et Ad\u00e9lie sc\u00e9naris\u00e9es par Am\u00e9lie Sarn, illustr\u00e9es par Laurent Audouin et \u00e9dit\u00e9es par la maison d&#039;\u00e9dition Le Petit L\u00e9zard \u00e0 Poitiers.\" \/>\n<meta name=\"robots\" content=\"noindex, follow\" \/>\n<meta property=\"og:locale\" content=\"fr_FR\" \/>\n<meta property=\"og:type\" content=\"article\" \/>\n<meta property=\"og:title\" content=\"La Pierre Magique (tome 3 \u00e0 venir) - Finelouche - Laurent Audouin - Am\u00e9lie Sarn\" \/>\n<meta property=\"og:description\" content=\"D\u00e9couvrez les tomes des s\u00e9ries de bandes desinn\u00e9es Les Aventures Fantastiques de Sacr\u00e9-C\u0153ur et Victor et Ad\u00e9lie sc\u00e9naris\u00e9es par Am\u00e9lie Sarn, illustr\u00e9es par Laurent Audouin et \u00e9dit\u00e9es par la maison d&#039;\u00e9dition Le Petit L\u00e9zard \u00e0 Poitiers.\" \/>\n<meta property=\"og:url\" content=\"http:\/\/www.finelouche.petitlezard.com\/?project=14773\" \/>\n<meta property=\"og:site_name\" content=\"Finelouche - Laurent Audouin - Am\u00e9lie Sarn\" \/>\n<meta property=\"article:modified_time\" content=\"2020-09-13T16:36:35+00:00\" \/>\n<meta property=\"og:image\" content=\"http:\/\/www.finelouche.petitlezard.com\/wp-content\/uploads\/2020\/06\/couv-VA3-scaled.jpg\" \/>\n\t<meta property=\"og:image:width\" content=\"1833\" \/>\n\t<meta property=\"og:image:height\" content=\"2560\" \/>\n\t<meta property=\"og:image:type\" content=\"image\/jpeg\" \/>\n<meta name=\"twitter:card\" content=\"summary_large_image\" \/>\n<meta name=\"twitter:label1\" content=\"Dur\u00e9e de lecture estim\u00e9e\" \/>\n\t<meta name=\"twitter:data1\" content=\"2 minutes\" \/>\n<script type=\"application\/ld+json\" class=\"yoast-schema-graph\">{\"@context\":\"https:\/\/schema.org\",\"@graph\":[{\"@type\":[\"Person\",\"Organization\"],\"@id\":\"http:\/\/www.finelouche.petitlezard.com\/#\/schema\/person\/73f67114688c057c63ebe91fff4b86c4\",\"name\":\"Laurent Audouin\",\"image\":{\"@type\":\"ImageObject\",\"@id\":\"http:\/\/www.finelouche.petitlezard.com\/#personlogo\",\"inLanguage\":\"fr-FR\",\"url\":\"http:\/\/www.finelouche.petitlezard.com\/wp-content\/uploads\/2019\/04\/dedicaces-1-1024x856.jpg\",\"contentUrl\":\"http:\/\/www.finelouche.petitlezard.com\/wp-content\/uploads\/2019\/04\/dedicaces-1-1024x856.jpg\",\"width\":1024,\"height\":856,\"caption\":\"Laurent Audouin\"},\"logo\":{\"@id\":\"http:\/\/www.finelouche.petitlezard.com\/#personlogo\"},\"sameAs\":[\"http:\/\/www.finelouche.petitlezard.com\/wp-admin\/user-new.php\"]},{\"@type\":\"WebSite\",\"@id\":\"http:\/\/www.finelouche.petitlezard.com\/#website\",\"url\":\"http:\/\/www.finelouche.petitlezard.com\/\",\"name\":\"Finelouche - Laurent Audouin - Am\u00e9lie Sarn\",\"description\":\"D\u00e9couvrez les aventures fantastiques de Sacr\u00e9-Coeur et Victor et Ad\u00e9lie, aventuriers axtraordinaires, ainsi que leurs auteurs Laurent Audouin et Am\u00e9lie Sarn.\",\"publisher\":{\"@id\":\"http:\/\/www.finelouche.petitlezard.com\/#\/schema\/person\/73f67114688c057c63ebe91fff4b86c4\"},\"potentialAction\":[{\"@type\":\"SearchAction\",\"target\":{\"@type\":\"EntryPoint\",\"urlTemplate\":\"http:\/\/www.finelouche.petitlezard.com\/?s={search_term_string}\"},\"query-input\":\"required name=search_term_string\"}],\"inLanguage\":\"fr-FR\"},{\"@type\":\"ImageObject\",\"@id\":\"http:\/\/www.finelouche.petitlezard.com\/?project=14773#primaryimage\",\"inLanguage\":\"fr-FR\",\"url\":\"http:\/\/www.finelouche.petitlezard.com\/wp-content\/uploads\/2020\/06\/couv-VA3-scaled.jpg\",\"contentUrl\":\"http:\/\/www.finelouche.petitlezard.com\/wp-content\/uploads\/2020\/06\/couv-VA3-scaled.jpg\",\"width\":1833,\"height\":2560},{\"@type\":\"WebPage\",\"@id\":\"http:\/\/www.finelouche.petitlezard.com\/?project=14773#webpage\",\"url\":\"http:\/\/www.finelouche.petitlezard.com\/?project=14773\",\"name\":\"La Pierre Magique (tome 3 \u00e0 venir) - Finelouche - Laurent Audouin - Am\u00e9lie Sarn\",\"isPartOf\":{\"@id\":\"http:\/\/www.finelouche.petitlezard.com\/#website\"},\"primaryImageOfPage\":{\"@id\":\"http:\/\/www.finelouche.petitlezard.com\/?project=14773#primaryimage\"},\"datePublished\":\"2020-04-28T07:06:00+00:00\",\"dateModified\":\"2020-09-13T16:36:35+00:00\",\"description\":\"D\u00e9couvrez les tomes des s\u00e9ries de bandes desinn\u00e9es Les Aventures Fantastiques de Sacr\u00e9-C\u0153ur et Victor et Ad\u00e9lie sc\u00e9naris\u00e9es par Am\u00e9lie Sarn, illustr\u00e9es par Laurent Audouin et \u00e9dit\u00e9es par la maison d'\u00e9dition Le Petit L\u00e9zard \u00e0 Poitiers.\",\"breadcrumb\":{\"@id\":\"http:\/\/www.finelouche.petitlezard.com\/?project=14773#breadcrumb\"},\"inLanguage\":\"fr-FR\",\"potentialAction\":[{\"@type\":\"ReadAction\",\"target\":[\"http:\/\/www.finelouche.petitlezard.com\/?project=14773\"]}]},{\"@type\":\"BreadcrumbList\",\"@id\":\"http:\/\/www.finelouche.petitlezard.com\/?project=14773#breadcrumb\",\"itemListElement\":[{\"@type\":\"ListItem\",\"position\":1,\"name\":\"Accueil\",\"item\":\"http:\/\/www.finelouche.petitlezard.com\/\"},{\"@type\":\"ListItem\",\"position\":2,\"name\":\"Projets\",\"item\":\"https:\/\/www.finelouche.petitlezard.com\/?post_type=project\"},{\"@type\":\"ListItem\",\"position\":3,\"name\":\"La Pierre Magique (tome 3 \u00e0 venir)\"}]}]}<\/script>\n<!-- \/ Yoast SEO plugin. -->","yoast_head_json":{"title":"La Pierre Magique (tome 3 \u00e0 venir) - Finelouche - Laurent Audouin - Am\u00e9lie Sarn","description":"D\u00e9couvrez les tomes des s\u00e9ries de bandes desinn\u00e9es Les Aventures Fantastiques de Sacr\u00e9-C\u0153ur et Victor et Ad\u00e9lie sc\u00e9naris\u00e9es par Am\u00e9lie Sarn, illustr\u00e9es par Laurent Audouin et \u00e9dit\u00e9es par la maison d'\u00e9dition Le Petit L\u00e9zard \u00e0 Poitiers.","robots":{"index":"noindex","follow":"follow"},"og_locale":"fr_FR","og_type":"article","og_title":"La Pierre Magique (tome 3 \u00e0 venir) - Finelouche - Laurent Audouin - Am\u00e9lie Sarn","og_description":"D\u00e9couvrez les tomes des s\u00e9ries de bandes desinn\u00e9es Les Aventures Fantastiques de Sacr\u00e9-C\u0153ur et Victor et Ad\u00e9lie sc\u00e9naris\u00e9es par Am\u00e9lie Sarn, illustr\u00e9es par Laurent Audouin et \u00e9dit\u00e9es par la maison d'\u00e9dition Le Petit L\u00e9zard \u00e0 Poitiers.","og_url":"http:\/\/www.finelouche.petitlezard.com\/?project=14773","og_site_name":"Finelouche - Laurent Audouin - Am\u00e9lie Sarn","article_modified_time":"2020-09-13T16:36:35+00:00","og_image":[{"width":1833,"height":2560,"url":"http:\/\/www.finelouche.petitlezard.com\/wp-content\/uploads\/2020\/06\/couv-VA3-scaled.jpg","type":"image\/jpeg"}],"twitter_card":"summary_large_image","twitter_misc":{"Dur\u00e9e de lecture estim\u00e9e":"2 minutes"},"schema":{"@context":"https:\/\/schema.org","@graph":[{"@type":["Person","Organization"],"@id":"http:\/\/www.finelouche.petitlezard.com\/#\/schema\/person\/73f67114688c057c63ebe91fff4b86c4","name":"Laurent Audouin","image":{"@type":"ImageObject","@id":"http:\/\/www.finelouche.petitlezard.com\/#personlogo","inLanguage":"fr-FR","url":"http:\/\/www.finelouche.petitlezard.com\/wp-content\/uploads\/2019\/04\/dedicaces-1-1024x856.jpg","contentUrl":"http:\/\/www.finelouche.petitlezard.com\/wp-content\/uploads\/2019\/04\/dedicaces-1-1024x856.jpg","width":1024,"height":856,"caption":"Laurent Audouin"},"logo":{"@id":"http:\/\/www.finelouche.petitlezard.com\/#personlogo"},"sameAs":["http:\/\/www.finelouche.petitlezard.com\/wp-admin\/user-new.php"]},{"@type":"WebSite","@id":"http:\/\/www.finelouche.petitlezard.com\/#website","url":"http:\/\/www.finelouche.petitlezard.com\/","name":"Finelouche - Laurent Audouin - Am\u00e9lie Sarn","description":"D\u00e9couvrez les aventures fantastiques de Sacr\u00e9-Coeur et Victor et Ad\u00e9lie, aventuriers axtraordinaires, ainsi que leurs auteurs Laurent Audouin et Am\u00e9lie Sarn.","publisher":{"@id":"http:\/\/www.finelouche.petitlezard.com\/#\/schema\/person\/73f67114688c057c63ebe91fff4b86c4"},"potentialAction":[{"@type":"SearchAction","target":{"@type":"EntryPoint","urlTemplate":"http:\/\/www.finelouche.petitlezard.com\/?s={search_term_string}"},"query-input":"required name=search_term_string"}],"inLanguage":"fr-FR"},{"@type":"ImageObject","@id":"http:\/\/www.finelouche.petitlezard.com\/?project=14773#primaryimage","inLanguage":"fr-FR","url":"http:\/\/www.finelouche.petitlezard.com\/wp-content\/uploads\/2020\/06\/couv-VA3-scaled.jpg","contentUrl":"http:\/\/www.finelouche.petitlezard.com\/wp-content\/uploads\/2020\/06\/couv-VA3-scaled.jpg","width":1833,"height":2560},{"@type":"WebPage","@id":"http:\/\/www.finelouche.petitlezard.com\/?project=14773#webpage","url":"http:\/\/www.finelouche.petitlezard.com\/?project=14773","name":"La Pierre Magique (tome 3 \u00e0 venir) - Finelouche - Laurent Audouin - Am\u00e9lie Sarn","isPartOf":{"@id":"http:\/\/www.finelouche.petitlezard.com\/#website"},"primaryImageOfPage":{"@id":"http:\/\/www.finelouche.petitlezard.com\/?project=14773#primaryimage"},"datePublished":"2020-04-28T07:06:00+00:00","dateModified":"2020-09-13T16:36:35+00:00","description":"D\u00e9couvrez les tomes des s\u00e9ries de bandes desinn\u00e9es Les Aventures Fantastiques de Sacr\u00e9-C\u0153ur et Victor et Ad\u00e9lie sc\u00e9naris\u00e9es par Am\u00e9lie Sarn, illustr\u00e9es par Laurent Audouin et \u00e9dit\u00e9es par la maison d'\u00e9dition Le Petit L\u00e9zard \u00e0 Poitiers.","breadcrumb":{"@id":"http:\/\/www.finelouche.petitlezard.com\/?project=14773#breadcrumb"},"inLanguage":"fr-FR","potentialAction":[{"@type":"ReadAction","target":["http:\/\/www.finelouche.petitlezard.com\/?project=14773"]}]},{"@type":"BreadcrumbList","@id":"http:\/\/www.finelouche.petitlezard.com\/?project=14773#breadcrumb","itemListElement":[{"@type":"ListItem","position":1,"name":"Accueil","item":"http:\/\/www.finelouche.petitlezard.com\/"},{"@type":"ListItem","position":2,"name":"Projets","item":"https:\/\/www.finelouche.petitlezard.com\/?post_type=project"},{"@type":"ListItem","position":3,"name":"La Pierre Magique (tome 3 \u00e0 venir)"}]}]}},"post_mailing_queue_ids":[],"_links":{"self":[{"href":"http:\/\/www.finelouche.petitlezard.com\/index.php?rest_route=\/wp\/v2\/project\/14773","targetHints":{"allow":["GET"]}}],"collection":[{"href":"http:\/\/www.finelouche.petitlezard.com\/index.php?rest_route=\/wp\/v2\/project"}],"about":[{"href":"http:\/\/www.finelouche.petitlezard.com\/index.php?rest_route=\/wp\/v2\/types\/project"}],"author":[{"embeddable":true,"href":"http:\/\/www.finelouche.petitlezard.com\/index.php?rest_route=\/wp\/v2\/users\/1"}],"replies":[{"embeddable":true,"href":"http:\/\/www.finelouche.petitlezard.com\/index.php?rest_route=%2Fwp%2Fv2%2Fcomments&post=14773"}],"version-history":[{"count":18,"href":"http:\/\/www.finelouche.petitlezard.com\/index.php?rest_route=\/wp\/v2\/project\/14773\/revisions"}],"predecessor-version":[{"id":16185,"href":"http:\/\/www.finelouche.petitlezard.com\/index.php?rest_route=\/wp\/v2\/project\/14773\/revisions\/16185"}],"wp:featuredmedia":[{"embeddable":true,"href":"http:\/\/www.finelouche.petitlezard.com\/index.php?rest_route=\/wp\/v2\/media\/16016"}],"wp:attachment":[{"href":"http:\/\/www.finelouche.petitlezard.com\/index.php?rest_route=%2Fwp%2Fv2%2Fmedia&parent=14773"}],"wp:term":[{"taxonomy":"project_category","embeddable":true,"href":"http:\/\/www.finelouche.petitlezard.com\/index.php?rest_route=%2Fwp%2Fv2%2Fproject_category&post=14773"},{"taxonomy":"project_tag","embeddable":true,"href":"http:\/\/www.finelouche.petitlezard.com\/index.php?rest_route=%2Fwp%2Fv2%2Fproject_tag&post=14773"}],"curies":[{"name":"wp","href":"https:\/\/api.w.org\/{rel}","templated":true}]}}