{"id":13499,"date":"2019-03-10T15:43:31","date_gmt":"2019-03-10T14:43:31","guid":{"rendered":"http:\/\/www.finelouche.petitlezard.com\/?post_type=project&#038;p=13499"},"modified":"2020-05-15T13:04:36","modified_gmt":"2020-05-15T11:04:36","slug":"victor-et-adelie-linconnu-au-turban","status":"publish","type":"project","link":"http:\/\/www.finelouche.petitlezard.com\/?project=victor-et-adelie-linconnu-au-turban","title":{"rendered":"L&rsquo;inconnu au turban"},"content":{"rendered":"<p>[et_pb_section fb_built=\u00a0\u00bb1&Prime; _builder_version=\u00a0\u00bb3.19.15&Prime; custom_padding=\u00a0\u00bb50px|0px|50px|0|false|false\u00a0\u00bb][et_pb_row use_custom_width=\u00a0\u00bbon\u00a0\u00bb width_unit=\u00a0\u00bboff\u00a0\u00bb custom_width_percent=\u00a0\u00bb100%\u00a0\u00bb use_custom_gutter=\u00a0\u00bbon\u00a0\u00bb custom_padding=\u00a0\u00bb0|0px|0|0|false|false\u00a0\u00bb _builder_version=\u00a0\u00bb3.19.15&Prime; module_alignment=\u00a0\u00bbcenter\u00a0\u00bb][et_pb_column type=\u00a0\u00bb4_4&Prime; _builder_version=\u00a0\u00bb3.19.15&Prime;][et_pb_post_nav in_same_term=\u00a0\u00bbon\u00a0\u00bb _builder_version=\u00a0\u00bb3.19.15&Prime; title_font=\u00a0\u00bb||||||||\u00a0\u00bb title_text_color=\u00a0\u00bb#000000&Prime; title_font_size=\u00a0\u00bb16px\u00a0\u00bb][\/et_pb_post_nav][\/et_pb_column][\/et_pb_row][et_pb_row use_custom_width=\u00a0\u00bbon\u00a0\u00bb width_unit=\u00a0\u00bboff\u00a0\u00bb custom_width_percent=\u00a0\u00bb75%\u00a0\u00bb custom_padding=\u00a0\u00bb0|0px|0|0px|false|false\u00a0\u00bb _builder_version=\u00a0\u00bb3.19.15&Prime;][et_pb_column type=\u00a0\u00bb1_2&Prime; _builder_version=\u00a0\u00bb3.19.15&Prime;][et_pb_image src=\u00a0\u00bbhttp:\/\/www.finelouche.petitlezard.com\/wp-content\/uploads\/2019\/03\/va-couvertures1-linconnu-au-turban.png\u00a0\u00bb _builder_version=\u00a0\u00bb3.19.15&Prime; max_width=\u00a0\u00bb75%\u00a0\u00bb module_alignment=\u00a0\u00bbcenter\u00a0\u00bb][\/et_pb_image][\/et_pb_column][et_pb_column type=\u00a0\u00bb1_2&Prime; _builder_version=\u00a0\u00bb3.19.15&Prime;][et_pb_post_title meta=\u00a0\u00bboff\u00a0\u00bb featured_image=\u00a0\u00bboff\u00a0\u00bb _builder_version=\u00a0\u00bb3.19.15&Prime;][\/et_pb_post_title][et_pb_text _builder_version=\u00a0\u00bb3.19.15&Prime;]<\/p>\n<p>Embarquez pour un grand voyage vers le Patanaya,<br \/>entre exploration, myst\u00e8re et course-poursuite.<\/p>\n<p>\u00a0Victor et Ad\u00e9lie partent \u00e0 la recherche de leurs parents\u00a0<span style=\"font-size: 14px;\">en Am\u00e9rique\u00a0<\/span>du Sud. En effet, ces derniers sont sur la\u00a0<span style=\"font-size: 14px; background-color: #f2f2f2;\">piste\u00a0<\/span>d\u2019une source d\u2019\u00e9nergie qui pourrait changer le monde, ce qui int\u00e9resse beaucoup gouvernements et malfrats&#8230;<br \/>Nos jeunes h\u00e9ros embarquent alors au Havre, sur le Caracas, en se m\u00ealant \u00e0 une excentrique famille nombreuse. Cependant, ils sont\u00a0suivis par un \u00e9trange homme enturbann\u00e9, qu\u2019ils tentent de pi\u00e9ger pour s\u2019en d\u00e9barrasser.<\/p>\n<p>[\/et_pb_text][et_pb_cta title=\u00a0\u00bbCommander en ligne\u00a0\u00bb button_url=\u00a0\u00bbhttps:\/\/shop.lezardnoir.com\/fr\/petit-lezard\/436-victor-et-adelie-l-inconnu-au-turban-9782353481378.html\u00a0\u00bb url_new_window=\u00a0\u00bbon\u00a0\u00bb _builder_version=\u00a0\u00bb3.19.15&Prime; header_font=\u00a0\u00bb||||||||\u00a0\u00bb header_text_align=\u00a0\u00bbleft\u00a0\u00bb body_font=\u00a0\u00bb||||||||\u00a0\u00bb use_background_color=\u00a0\u00bboff\u00a0\u00bb button_rel=\u00a0\u00bboff|on|off|off|off\u00a0\u00bb text_orientation=\u00a0\u00bbleft\u00a0\u00bb link_option_url=\u00a0\u00bbhttps:\/\/shop.lezardnoir.com\/fr\/petit-lezard\/436-victor-et-adelie-l-inconnu-au-turban-9782353481378.html\u00a0\u00bb link_option_url_new_window=\u00a0\u00bbon\u00a0\u00bb]<\/p>\n<p><img loading=\"lazy\" decoding=\"async\" src=\"http:\/\/www.finelouche.petitlezard.com\/wp-content\/uploads\/2019\/03\/petitlzard-icon.png\" width=\"50\" height=\"50\" alt=\"Logo du petit l\u00e9zard\" class=\"wp-image-13697 aligncenter size-full\" style=\"float: left;\" srcset=\"http:\/\/www.finelouche.petitlezard.com\/wp-content\/uploads\/2019\/03\/petitlzard-icon.png 50w, http:\/\/www.finelouche.petitlezard.com\/wp-content\/uploads\/2019\/03\/petitlzard-icon-24x24.png 24w, http:\/\/www.finelouche.petitlezard.com\/wp-content\/uploads\/2019\/03\/petitlzard-icon-36x36.png 36w, http:\/\/www.finelouche.petitlezard.com\/wp-content\/uploads\/2019\/03\/petitlzard-icon-48x48.png 48w, http:\/\/www.finelouche.petitlezard.com\/wp-content\/uploads\/2019\/03\/petitlzard-icon-45x45.png 45w\" sizes=\"auto, (max-width: 50px) 100vw, 50px\" \/><\/p>\n<p>[\/et_pb_cta][et_pb_image src=\u00a0\u00bbhttp:\/\/www.finelouche.petitlezard.com\/wp-content\/uploads\/2019\/02\/10782-1.png\u00a0\u00bb _builder_version=\u00a0\u00bb3.19.15&Prime; max_width=\u00a0\u00bb10%\u00a0\u00bb][\/et_pb_image][\/et_pb_column][\/et_pb_row][et_pb_row _builder_version=\u00a0\u00bb3.19.15&Prime;][et_pb_column type=\u00a0\u00bb1_4&Prime; _builder_version=\u00a0\u00bb3.19.15&Prime;][\/et_pb_column][et_pb_column type=\u00a0\u00bb1_2&Prime; _builder_version=\u00a0\u00bb3.19.15&Prime;][et_pb_video box_shadow_style=\u00a0\u00bbpreset1&Prime; src=\u00a0\u00bbhttp:\/\/www.finelouche.petitlezard.com\/wp-content\/uploads\/2020\/05\/vid\u00e9o-VA.mp4&Prime; _builder_version=\u00a0\u00bb3.19.15&Prime;][\/et_pb_video][\/et_pb_column][et_pb_column type=\u00a0\u00bb1_4&Prime; _builder_version=\u00a0\u00bb3.19.15&Prime;][\/et_pb_column][\/et_pb_row][et_pb_row _builder_version=\u00a0\u00bb3.19.15&Prime;][et_pb_column type=\u00a0\u00bb4_4&Prime; _builder_version=\u00a0\u00bb3.19.15&Prime;][et_pb_text _builder_version=\u00a0\u00bb3.19.15&Prime;]<\/p>\n<p style=\"text-align: center;\"><span style=\"font-size: x-large;\">Plongez dans un premier aper\u00e7u des aventures de Victor et Ad\u00e9lie !<\/span><\/p>\n<p>[\/et_pb_text][\/et_pb_column][\/et_pb_row][et_pb_row _builder_version=\u00a0\u00bb3.19.15&Prime;][et_pb_column type=\u00a0\u00bb4_4&Prime; _builder_version=\u00a0\u00bb3.19.15&Prime;][et_pb_gallery gallery_ids=\u00a0\u00bb14321,14322,14323,14324&Prime; show_title_and_caption=\u00a0\u00bboff\u00a0\u00bb hover_icon=\u00a0\u00bb%%12%%\u00a0\u00bb _builder_version=\u00a0\u00bb3.19.15&Prime; box_shadow_style_image=\u00a0\u00bbpreset1&Prime;][\/et_pb_gallery][\/et_pb_column][\/et_pb_row][\/et_pb_section]<\/p>\n","protected":false},"excerpt":{"rendered":"<p>[et_pb_section fb_built=\u00a0\u00bb1&Prime; _builder_version=\u00a0\u00bb3.19.15&Prime; custom_padding=\u00a0\u00bb50px|0px|50px|0|false|false\u00a0\u00bb][et_pb_row use_custom_width=\u00a0\u00bbon\u00a0\u00bb width_unit=\u00a0\u00bboff\u00a0\u00bb custom_width_percent=\u00a0\u00bb100%\u00a0\u00bb use_custom_gutter=\u00a0\u00bbon\u00a0\u00bb custom_padding=\u00a0\u00bb0|0px|0|0|false|false\u00a0\u00bb _builder_version=\u00a0\u00bb3.19.15&Prime; module_alignment=\u00a0\u00bbcenter\u00a0\u00bb][et_pb_column type=\u00a0\u00bb4_4&Prime; _builder_version=\u00a0\u00bb3.19.15&Prime;][et_pb_post_nav in_same_term=\u00a0\u00bbon\u00a0\u00bb _builder_version=\u00a0\u00bb3.19.15&Prime; title_font=\u00a0\u00bb||||||||\u00a0\u00bb title_text_color=\u00a0\u00bb#000000&Prime; title_font_size=\u00a0\u00bb16px\u00a0\u00bb][\/et_pb_post_nav][\/et_pb_column][\/et_pb_row][et_pb_row use_custom_width=\u00a0\u00bbon\u00a0\u00bb width_unit=\u00a0\u00bboff\u00a0\u00bb custom_width_percent=\u00a0\u00bb75%\u00a0\u00bb custom_padding=\u00a0\u00bb0|0px|0|0px|false|false\u00a0\u00bb _builder_version=\u00a0\u00bb3.19.15&Prime;][et_pb_column type=\u00a0\u00bb1_2&Prime; _builder_version=\u00a0\u00bb3.19.15&Prime;][et_pb_image src=\u00a0\u00bbhttp:\/\/www.finelouche.petitlezard.com\/wp-content\/uploads\/2019\/03\/va-couvertures1-linconnu-au-turban.png\u00a0\u00bb _builder_version=\u00a0\u00bb3.19.15&Prime; max_width=\u00a0\u00bb75%\u00a0\u00bb module_alignment=\u00a0\u00bbcenter\u00a0\u00bb][\/et_pb_image][\/et_pb_column][et_pb_column type=\u00a0\u00bb1_2&Prime; _builder_version=\u00a0\u00bb3.19.15&Prime;][et_pb_post_title meta=\u00a0\u00bboff\u00a0\u00bb featured_image=\u00a0\u00bboff\u00a0\u00bb _builder_version=\u00a0\u00bb3.19.15&Prime;][\/et_pb_post_title][et_pb_text _builder_version=\u00a0\u00bb3.19.15&Prime;] Embarquez pour un grand voyage vers le Patanaya,entre exploration, myst\u00e8re et course-poursuite. \u00a0Victor et Ad\u00e9lie partent \u00e0 la recherche de [&hellip;]<\/p>\n","protected":false},"author":1,"featured_media":13500,"comment_status":"open","ping_status":"closed","template":"","meta":{"_et_pb_use_builder":"on","_et_pb_old_content":"","spay_email":"","footnotes":""},"project_category":[17],"project_tag":[],"class_list":["post-13499","project","type-project","status-publish","has-post-thumbnail","hentry","project_category-victor-et-adelie"],"yoast_head":"<!-- This site is optimized with the Yoast SEO plugin v18.6 - https:\/\/yoast.com\/wordpress\/plugins\/seo\/ -->\n<title>L&#039;inconnu au turban - Finelouche - Laurent Audouin - Am\u00e9lie Sarn<\/title>\n<meta name=\"description\" content=\"D\u00e9couvrez les tomes des s\u00e9ries de bandes desinn\u00e9es Les Aventures Fantastiques de Sacr\u00e9-C\u0153ur et Victor et Ad\u00e9lie sc\u00e9naris\u00e9es par Am\u00e9lie Sarn, illustr\u00e9es par Laurent Audouin et \u00e9dit\u00e9es par la maison d&#039;\u00e9dition Le Petit L\u00e9zard \u00e0 Poitiers.\" \/>\n<meta name=\"robots\" content=\"noindex, follow\" \/>\n<meta property=\"og:locale\" content=\"fr_FR\" \/>\n<meta property=\"og:type\" content=\"article\" \/>\n<meta property=\"og:title\" content=\"L&#039;inconnu au turban - Finelouche - Laurent Audouin - Am\u00e9lie Sarn\" \/>\n<meta property=\"og:description\" content=\"D\u00e9couvrez les tomes des s\u00e9ries de bandes desinn\u00e9es Les Aventures Fantastiques de Sacr\u00e9-C\u0153ur et Victor et Ad\u00e9lie sc\u00e9naris\u00e9es par Am\u00e9lie Sarn, illustr\u00e9es par Laurent Audouin et \u00e9dit\u00e9es par la maison d&#039;\u00e9dition Le Petit L\u00e9zard \u00e0 Poitiers.\" \/>\n<meta property=\"og:url\" content=\"http:\/\/www.finelouche.petitlezard.com\/?project=victor-et-adelie-linconnu-au-turban\" \/>\n<meta property=\"og:site_name\" content=\"Finelouche - Laurent Audouin - Am\u00e9lie Sarn\" \/>\n<meta property=\"article:modified_time\" content=\"2020-05-15T11:04:36+00:00\" \/>\n<meta property=\"og:image\" content=\"http:\/\/www.finelouche.petitlezard.com\/wp-content\/uploads\/2019\/03\/va-couvertures1-linconnu-au-turban.png\" \/>\n\t<meta property=\"og:image:width\" content=\"1200\" \/>\n\t<meta property=\"og:image:height\" content=\"1649\" \/>\n\t<meta property=\"og:image:type\" content=\"image\/png\" \/>\n<meta name=\"twitter:card\" content=\"summary_large_image\" \/>\n<meta name=\"twitter:label1\" content=\"Dur\u00e9e de lecture estim\u00e9e\" \/>\n\t<meta name=\"twitter:data1\" content=\"2 minutes\" \/>\n<script type=\"application\/ld+json\" class=\"yoast-schema-graph\">{\"@context\":\"https:\/\/schema.org\",\"@graph\":[{\"@type\":[\"Person\",\"Organization\"],\"@id\":\"http:\/\/www.finelouche.petitlezard.com\/#\/schema\/person\/73f67114688c057c63ebe91fff4b86c4\",\"name\":\"Laurent Audouin\",\"image\":{\"@type\":\"ImageObject\",\"@id\":\"http:\/\/www.finelouche.petitlezard.com\/#personlogo\",\"inLanguage\":\"fr-FR\",\"url\":\"http:\/\/www.finelouche.petitlezard.com\/wp-content\/uploads\/2019\/04\/dedicaces-1-1024x856.jpg\",\"contentUrl\":\"http:\/\/www.finelouche.petitlezard.com\/wp-content\/uploads\/2019\/04\/dedicaces-1-1024x856.jpg\",\"width\":1024,\"height\":856,\"caption\":\"Laurent Audouin\"},\"logo\":{\"@id\":\"http:\/\/www.finelouche.petitlezard.com\/#personlogo\"},\"sameAs\":[\"http:\/\/www.finelouche.petitlezard.com\/wp-admin\/user-new.php\"]},{\"@type\":\"WebSite\",\"@id\":\"http:\/\/www.finelouche.petitlezard.com\/#website\",\"url\":\"http:\/\/www.finelouche.petitlezard.com\/\",\"name\":\"Finelouche - Laurent Audouin - Am\u00e9lie Sarn\",\"description\":\"D\u00e9couvrez les aventures fantastiques de Sacr\u00e9-Coeur et Victor et Ad\u00e9lie, aventuriers axtraordinaires, ainsi que leurs auteurs Laurent Audouin et Am\u00e9lie Sarn.\",\"publisher\":{\"@id\":\"http:\/\/www.finelouche.petitlezard.com\/#\/schema\/person\/73f67114688c057c63ebe91fff4b86c4\"},\"potentialAction\":[{\"@type\":\"SearchAction\",\"target\":{\"@type\":\"EntryPoint\",\"urlTemplate\":\"http:\/\/www.finelouche.petitlezard.com\/?s={search_term_string}\"},\"query-input\":\"required name=search_term_string\"}],\"inLanguage\":\"fr-FR\"},{\"@type\":\"ImageObject\",\"@id\":\"http:\/\/www.finelouche.petitlezard.com\/?project=victor-et-adelie-linconnu-au-turban#primaryimage\",\"inLanguage\":\"fr-FR\",\"url\":\"http:\/\/www.finelouche.petitlezard.com\/wp-content\/uploads\/2019\/03\/va-couvertures1-linconnu-au-turban.png\",\"contentUrl\":\"http:\/\/www.finelouche.petitlezard.com\/wp-content\/uploads\/2019\/03\/va-couvertures1-linconnu-au-turban.png\",\"width\":1200,\"height\":1649,\"caption\":\"Couverture du tome L'iconnu au turban de la s\u00e9rie de bandes dessin\u00e9es Victor & Ad\u00e9lie\"},{\"@type\":\"WebPage\",\"@id\":\"http:\/\/www.finelouche.petitlezard.com\/?project=victor-et-adelie-linconnu-au-turban#webpage\",\"url\":\"http:\/\/www.finelouche.petitlezard.com\/?project=victor-et-adelie-linconnu-au-turban\",\"name\":\"L'inconnu au turban - Finelouche - Laurent Audouin - Am\u00e9lie Sarn\",\"isPartOf\":{\"@id\":\"http:\/\/www.finelouche.petitlezard.com\/#website\"},\"primaryImageOfPage\":{\"@id\":\"http:\/\/www.finelouche.petitlezard.com\/?project=victor-et-adelie-linconnu-au-turban#primaryimage\"},\"datePublished\":\"2019-03-10T14:43:31+00:00\",\"dateModified\":\"2020-05-15T11:04:36+00:00\",\"description\":\"D\u00e9couvrez les tomes des s\u00e9ries de bandes desinn\u00e9es Les Aventures Fantastiques de Sacr\u00e9-C\u0153ur et Victor et Ad\u00e9lie sc\u00e9naris\u00e9es par Am\u00e9lie Sarn, illustr\u00e9es par Laurent Audouin et \u00e9dit\u00e9es par la maison d'\u00e9dition Le Petit L\u00e9zard \u00e0 Poitiers.\",\"breadcrumb\":{\"@id\":\"http:\/\/www.finelouche.petitlezard.com\/?project=victor-et-adelie-linconnu-au-turban#breadcrumb\"},\"inLanguage\":\"fr-FR\",\"potentialAction\":[{\"@type\":\"ReadAction\",\"target\":[\"http:\/\/www.finelouche.petitlezard.com\/?project=victor-et-adelie-linconnu-au-turban\"]}]},{\"@type\":\"BreadcrumbList\",\"@id\":\"http:\/\/www.finelouche.petitlezard.com\/?project=victor-et-adelie-linconnu-au-turban#breadcrumb\",\"itemListElement\":[{\"@type\":\"ListItem\",\"position\":1,\"name\":\"Accueil\",\"item\":\"http:\/\/www.finelouche.petitlezard.com\/\"},{\"@type\":\"ListItem\",\"position\":2,\"name\":\"Projets\",\"item\":\"https:\/\/www.finelouche.petitlezard.com\/?post_type=project\"},{\"@type\":\"ListItem\",\"position\":3,\"name\":\"L&rsquo;inconnu au turban\"}]}]}<\/script>\n<!-- \/ Yoast SEO plugin. -->","yoast_head_json":{"title":"L'inconnu au turban - Finelouche - Laurent Audouin - Am\u00e9lie Sarn","description":"D\u00e9couvrez les tomes des s\u00e9ries de bandes desinn\u00e9es Les Aventures Fantastiques de Sacr\u00e9-C\u0153ur et Victor et Ad\u00e9lie sc\u00e9naris\u00e9es par Am\u00e9lie Sarn, illustr\u00e9es par Laurent Audouin et \u00e9dit\u00e9es par la maison d'\u00e9dition Le Petit L\u00e9zard \u00e0 Poitiers.","robots":{"index":"noindex","follow":"follow"},"og_locale":"fr_FR","og_type":"article","og_title":"L'inconnu au turban - Finelouche - Laurent Audouin - Am\u00e9lie Sarn","og_description":"D\u00e9couvrez les tomes des s\u00e9ries de bandes desinn\u00e9es Les Aventures Fantastiques de Sacr\u00e9-C\u0153ur et Victor et Ad\u00e9lie sc\u00e9naris\u00e9es par Am\u00e9lie Sarn, illustr\u00e9es par Laurent Audouin et \u00e9dit\u00e9es par la maison d'\u00e9dition Le Petit L\u00e9zard \u00e0 Poitiers.","og_url":"http:\/\/www.finelouche.petitlezard.com\/?project=victor-et-adelie-linconnu-au-turban","og_site_name":"Finelouche - Laurent Audouin - Am\u00e9lie Sarn","article_modified_time":"2020-05-15T11:04:36+00:00","og_image":[{"width":1200,"height":1649,"url":"http:\/\/www.finelouche.petitlezard.com\/wp-content\/uploads\/2019\/03\/va-couvertures1-linconnu-au-turban.png","type":"image\/png"}],"twitter_card":"summary_large_image","twitter_misc":{"Dur\u00e9e de lecture estim\u00e9e":"2 minutes"},"schema":{"@context":"https:\/\/schema.org","@graph":[{"@type":["Person","Organization"],"@id":"http:\/\/www.finelouche.petitlezard.com\/#\/schema\/person\/73f67114688c057c63ebe91fff4b86c4","name":"Laurent Audouin","image":{"@type":"ImageObject","@id":"http:\/\/www.finelouche.petitlezard.com\/#personlogo","inLanguage":"fr-FR","url":"http:\/\/www.finelouche.petitlezard.com\/wp-content\/uploads\/2019\/04\/dedicaces-1-1024x856.jpg","contentUrl":"http:\/\/www.finelouche.petitlezard.com\/wp-content\/uploads\/2019\/04\/dedicaces-1-1024x856.jpg","width":1024,"height":856,"caption":"Laurent Audouin"},"logo":{"@id":"http:\/\/www.finelouche.petitlezard.com\/#personlogo"},"sameAs":["http:\/\/www.finelouche.petitlezard.com\/wp-admin\/user-new.php"]},{"@type":"WebSite","@id":"http:\/\/www.finelouche.petitlezard.com\/#website","url":"http:\/\/www.finelouche.petitlezard.com\/","name":"Finelouche - Laurent Audouin - Am\u00e9lie Sarn","description":"D\u00e9couvrez les aventures fantastiques de Sacr\u00e9-Coeur et Victor et Ad\u00e9lie, aventuriers axtraordinaires, ainsi que leurs auteurs Laurent Audouin et Am\u00e9lie Sarn.","publisher":{"@id":"http:\/\/www.finelouche.petitlezard.com\/#\/schema\/person\/73f67114688c057c63ebe91fff4b86c4"},"potentialAction":[{"@type":"SearchAction","target":{"@type":"EntryPoint","urlTemplate":"http:\/\/www.finelouche.petitlezard.com\/?s={search_term_string}"},"query-input":"required name=search_term_string"}],"inLanguage":"fr-FR"},{"@type":"ImageObject","@id":"http:\/\/www.finelouche.petitlezard.com\/?project=victor-et-adelie-linconnu-au-turban#primaryimage","inLanguage":"fr-FR","url":"http:\/\/www.finelouche.petitlezard.com\/wp-content\/uploads\/2019\/03\/va-couvertures1-linconnu-au-turban.png","contentUrl":"http:\/\/www.finelouche.petitlezard.com\/wp-content\/uploads\/2019\/03\/va-couvertures1-linconnu-au-turban.png","width":1200,"height":1649,"caption":"Couverture du tome L'iconnu au turban de la s\u00e9rie de bandes dessin\u00e9es Victor & Ad\u00e9lie"},{"@type":"WebPage","@id":"http:\/\/www.finelouche.petitlezard.com\/?project=victor-et-adelie-linconnu-au-turban#webpage","url":"http:\/\/www.finelouche.petitlezard.com\/?project=victor-et-adelie-linconnu-au-turban","name":"L'inconnu au turban - Finelouche - Laurent Audouin - Am\u00e9lie Sarn","isPartOf":{"@id":"http:\/\/www.finelouche.petitlezard.com\/#website"},"primaryImageOfPage":{"@id":"http:\/\/www.finelouche.petitlezard.com\/?project=victor-et-adelie-linconnu-au-turban#primaryimage"},"datePublished":"2019-03-10T14:43:31+00:00","dateModified":"2020-05-15T11:04:36+00:00","description":"D\u00e9couvrez les tomes des s\u00e9ries de bandes desinn\u00e9es Les Aventures Fantastiques de Sacr\u00e9-C\u0153ur et Victor et Ad\u00e9lie sc\u00e9naris\u00e9es par Am\u00e9lie Sarn, illustr\u00e9es par Laurent Audouin et \u00e9dit\u00e9es par la maison d'\u00e9dition Le Petit L\u00e9zard \u00e0 Poitiers.","breadcrumb":{"@id":"http:\/\/www.finelouche.petitlezard.com\/?project=victor-et-adelie-linconnu-au-turban#breadcrumb"},"inLanguage":"fr-FR","potentialAction":[{"@type":"ReadAction","target":["http:\/\/www.finelouche.petitlezard.com\/?project=victor-et-adelie-linconnu-au-turban"]}]},{"@type":"BreadcrumbList","@id":"http:\/\/www.finelouche.petitlezard.com\/?project=victor-et-adelie-linconnu-au-turban#breadcrumb","itemListElement":[{"@type":"ListItem","position":1,"name":"Accueil","item":"http:\/\/www.finelouche.petitlezard.com\/"},{"@type":"ListItem","position":2,"name":"Projets","item":"https:\/\/www.finelouche.petitlezard.com\/?post_type=project"},{"@type":"ListItem","position":3,"name":"L&rsquo;inconnu au turban"}]}]}},"post_mailing_queue_ids":[],"_links":{"self":[{"href":"http:\/\/www.finelouche.petitlezard.com\/index.php?rest_route=\/wp\/v2\/project\/13499","targetHints":{"allow":["GET"]}}],"collection":[{"href":"http:\/\/www.finelouche.petitlezard.com\/index.php?rest_route=\/wp\/v2\/project"}],"about":[{"href":"http:\/\/www.finelouche.petitlezard.com\/index.php?rest_route=\/wp\/v2\/types\/project"}],"author":[{"embeddable":true,"href":"http:\/\/www.finelouche.petitlezard.com\/index.php?rest_route=\/wp\/v2\/users\/1"}],"replies":[{"embeddable":true,"href":"http:\/\/www.finelouche.petitlezard.com\/index.php?rest_route=%2Fwp%2Fv2%2Fcomments&post=13499"}],"version-history":[{"count":14,"href":"http:\/\/www.finelouche.petitlezard.com\/index.php?rest_route=\/wp\/v2\/project\/13499\/revisions"}],"predecessor-version":[{"id":15804,"href":"http:\/\/www.finelouche.petitlezard.com\/index.php?rest_route=\/wp\/v2\/project\/13499\/revisions\/15804"}],"wp:featuredmedia":[{"embeddable":true,"href":"http:\/\/www.finelouche.petitlezard.com\/index.php?rest_route=\/wp\/v2\/media\/13500"}],"wp:attachment":[{"href":"http:\/\/www.finelouche.petitlezard.com\/index.php?rest_route=%2Fwp%2Fv2%2Fmedia&parent=13499"}],"wp:term":[{"taxonomy":"project_category","embeddable":true,"href":"http:\/\/www.finelouche.petitlezard.com\/index.php?rest_route=%2Fwp%2Fv2%2Fproject_category&post=13499"},{"taxonomy":"project_tag","embeddable":true,"href":"http:\/\/www.finelouche.petitlezard.com\/index.php?rest_route=%2Fwp%2Fv2%2Fproject_tag&post=13499"}],"curies":[{"name":"wp","href":"https:\/\/api.w.org\/{rel}","templated":true}]}}