{"id":2,"date":"2019-02-04T11:41:25","date_gmt":"2019-02-04T10:41:25","guid":{"rendered":"http:\/\/www.finelouche.petitlezard.com\/?page_id=2"},"modified":"2020-05-11T17:19:13","modified_gmt":"2020-05-11T15:19:13","slug":"victor-adelie-audouin-sarn","status":"publish","type":"page","link":"http:\/\/www.finelouche.petitlezard.com\/?page_id=2","title":{"rendered":"Victor et Ad\u00e9lie"},"content":{"rendered":"<p>[et_pb_section fb_built=\u00a0\u00bb1&Prime; admin_label=\u00a0\u00bbsection\u00a0\u00bb _builder_version=\u00a0\u00bb3.0.47&Prime;][et_pb_row custom_padding=\u00a0\u00bb0|0px|27px|0px|false|false\u00a0\u00bb _builder_version=\u00a0\u00bb3.19.15&Prime;][et_pb_column type=\u00a0\u00bb4_4&Prime; _builder_version=\u00a0\u00bb3.19.15&Prime;][et_pb_text _builder_version=\u00a0\u00bb3.19.15&Prime; header_font=\u00a0\u00bb||||||||\u00a0\u00bb header_text_align=\u00a0\u00bbcenter\u00a0\u00bb]<\/p>\n<h1>Victor &amp; Ad\u00e9lie, Aventuriers extraordinaires<\/h1>\n<p style=\"text-align: center;\">La s\u00e9rie \u00ab\u00a0Victor et Ad\u00e9lie, aventuriers extraordinaires\u00a0\u00bb se d\u00e9roule 30 ans avant \u00ab\u00a0Les aventures fantastiques de Sacr\u00e9-Coeur\u00a0\u00bb. Cela permet de retrouver les personnages principaux dans leur jeunesse et d&rsquo;en apprendre plus sur eux.<\/p>\n<p style=\"text-align: center;\">\n<h5 style=\"text-align: center;\">Entre Jules Verne et James Bond, \u00ab\u00a0Victor et Ad\u00e9lie\u00a0\u00bb vous feront voyager de fa\u00e7on tr\u00e9pidante autour du monde !<\/h5>\n<p>[\/et_pb_text][et_pb_code _builder_version=\u00a0\u00bb3.19.15&Prime;][\/et_pb_code][\/et_pb_column][\/et_pb_row][et_pb_row _builder_version=\u00a0\u00bb3.19.15&Prime;][et_pb_column type=\u00a0\u00bb4_4&Prime; _builder_version=\u00a0\u00bb3.19.15&Prime;][et_pb_image src=\u00a0\u00bbhttp:\/\/www.finelouche.petitlezard.com\/wp-content\/uploads\/2020\/05\/catre-VA-scaled.jpg\u00a0\u00bb _builder_version=\u00a0\u00bb3.19.15&Prime; box_shadow_style=\u00a0\u00bbpreset1&Prime;][\/et_pb_image][\/et_pb_column][\/et_pb_row][et_pb_row custom_padding=\u00a0\u00bb35px|0px|0|0px|false|false\u00a0\u00bb _builder_version=\u00a0\u00bb3.19.15&Prime;][et_pb_column type=\u00a0\u00bb4_4&Prime; _builder_version=\u00a0\u00bb3.19.15&Prime;][et_pb_text _builder_version=\u00a0\u00bb3.19.15&Prime;]<\/p>\n<h2>Les tomes<\/h2>\n<p>[\/et_pb_text][\/et_pb_column][\/et_pb_row][et_pb_row _builder_version=\u00a0\u00bb3.19.15&Prime;][et_pb_column type=\u00a0\u00bb4_4&Prime; _builder_version=\u00a0\u00bb3.19.15&Prime;][et_pb_portfolio fullwidth=\u00a0\u00bboff\u00a0\u00bb posts_number=\u00a0\u00bb3&Prime; include_categories=\u00a0\u00bb17&Prime; show_categories=\u00a0\u00bboff\u00a0\u00bb _builder_version=\u00a0\u00bb3.19.15&Prime; title_level=\u00a0\u00bbh3&Prime; title_font=\u00a0\u00bb||||||||\u00a0\u00bb title_text_align=\u00a0\u00bbcenter\u00a0\u00bb][\/et_pb_portfolio][\/et_pb_column][\/et_pb_row][et_pb_row _builder_version=\u00a0\u00bb3.19.15&Prime;][et_pb_column type=\u00a0\u00bb1_2&Prime; _builder_version=\u00a0\u00bb3.19.15&Prime;][et_pb_text _builder_version=\u00a0\u00bb3.19.15&Prime;]<\/p>\n<h2>Les Personnages<\/h2>\n<p>&nbsp;<\/p>\n<h4 style=\"text-align: right;\">Finelouche, Victor et Ad\u00e9lie en 1880<\/h4>\n<p>[\/et_pb_text][\/et_pb_column][et_pb_column type=\u00a0\u00bb1_2&Prime; _builder_version=\u00a0\u00bb3.19.15&Prime;][et_pb_text _builder_version=\u00a0\u00bb3.19.15&Prime;]<\/p>\n<h4><\/h4>\n<h4><\/h4>\n<h4><\/h4>\n<h4><\/h4>\n<h4><\/h4>\n<h4><\/h4>\n<h4><\/h4>\n<h4>Finelouche, Sacr\u00e9-Coeur et Abigail en 1910<\/h4>\n<p>[\/et_pb_text][\/et_pb_column][\/et_pb_row][et_pb_row _builder_version=\u00a0\u00bb3.19.15&Prime;][et_pb_column type=\u00a0\u00bb1_5&Prime; _builder_version=\u00a0\u00bb3.19.15&Prime;][\/et_pb_column][et_pb_column type=\u00a0\u00bb3_5&Prime; _builder_version=\u00a0\u00bb3.19.15&Prime;][et_pb_image src=\u00a0\u00bbhttp:\/\/www.finelouche.petitlezard.com\/wp-content\/uploads\/2020\/05\/persos-jeunes-et-vieux-scaled.jpg\u00a0\u00bb _builder_version=\u00a0\u00bb3.19.15&Prime; box_shadow_style=\u00a0\u00bbpreset1&Prime;][\/et_pb_image][\/et_pb_column][et_pb_column type=\u00a0\u00bb1_5&Prime; _builder_version=\u00a0\u00bb3.19.15&Prime;][\/et_pb_column][\/et_pb_row][et_pb_row custom_padding=\u00a0\u00bb27px|0px|0|0px|false|false\u00a0\u00bb _builder_version=\u00a0\u00bb3.19.15&Prime;][et_pb_column type=\u00a0\u00bb1_5&Prime; _builder_version=\u00a0\u00bb3.19.15&Prime;][et_pb_blurb title=\u00a0\u00bbAd\u00e9lie\u00a0\u00bb image=\u00a0\u00bbhttp:\/\/www.finelouche.petitlezard.com\/wp-content\/uploads\/2019\/03\/va-persos-adelie.png\u00a0\u00bb _builder_version=\u00a0\u00bb3.19.15&Prime; header_font=\u00a0\u00bb||||||||\u00a0\u00bb header_text_align=\u00a0\u00bbcenter\u00a0\u00bb]<\/p>\n<p>S\u0153ur jumelle de Victor. Toujours partante pour une nouvelle aventure. Quand elle a une id\u00e9e, ses yeux p\u00e9tillent.<\/p>\n<p>[\/et_pb_blurb][\/et_pb_column][et_pb_column type=\u00a0\u00bb1_5&Prime; _builder_version=\u00a0\u00bb3.19.15&Prime;][et_pb_blurb title=\u00a0\u00bbVictor\u00a0\u00bb image=\u00a0\u00bbhttp:\/\/www.finelouche.petitlezard.com\/wp-content\/uploads\/2019\/03\/va-persos-victor.png\u00a0\u00bb _builder_version=\u00a0\u00bb3.19.15&Prime; header_font=\u00a0\u00bb||||||||\u00a0\u00bb header_text_align=\u00a0\u00bbcenter\u00a0\u00bb]<\/p>\n<p>Fr\u00e8re jumeau d\u2019Ad\u00e9lie. Jamais \u00e0 court d\u2019id\u00e9e. Quand il a un nouveau plan, ses narines fr\u00e9missent. Ils se disputent souvent mais forment une \u00e9quipe soud\u00e9e en cas de danger.<\/p>\n<p>[\/et_pb_blurb][\/et_pb_column][et_pb_column type=\u00a0\u00bb1_5&Prime; _builder_version=\u00a0\u00bb3.19.15&Prime;][et_pb_blurb title=\u00a0\u00bbKamalakar Singh\u00a0\u00bb image=\u00a0\u00bbhttp:\/\/www.finelouche.petitlezard.com\/wp-content\/uploads\/2019\/03\/va-persos-kamalakar.png\u00a0\u00bb _builder_version=\u00a0\u00bb3.19.15&Prime; header_font=\u00a0\u00bb||||||||\u00a0\u00bb header_text_align=\u00a0\u00bbcenter\u00a0\u00bb]<\/p>\n<p>Myst\u00e9rieux, inqui\u00e9tant\u2026 on ne sait encore rien de lui sauf que son sac semble contenir tout ce dont on peut avoir besoin, m\u00eame du th\u00e9 dont il raffole.<\/p>\n<p>[\/et_pb_blurb][\/et_pb_column][et_pb_column type=\u00a0\u00bb1_5&Prime; _builder_version=\u00a0\u00bb3.19.15&Prime;][et_pb_blurb title=\u00a0\u00bbRose Finelouche\u00a0\u00bb image=\u00a0\u00bbhttp:\/\/www.finelouche.petitlezard.com\/wp-content\/uploads\/2019\/03\/va-persos-finelouche.png\u00a0\u00bb _builder_version=\u00a0\u00bb3.19.15&Prime; header_font=\u00a0\u00bb||||||||\u00a0\u00bb header_text_align=\u00a0\u00bbcenter\u00a0\u00bb]<\/p>\n<p>Jeune fille romantique, elle est en voyage de noces. Malheureusement, son mari ne semble pas tr\u00e8s attentionn\u00e9.<br \/> Malgr\u00e9 tout, il n\u2019est pas difficile de deviner qu\u2019elle deviendra une dame charmante\u00a0! D\u2019ailleurs, ne l\u2019a-t-on pas d\u00e9j\u00e0 crois\u00e9e<br \/> quelque part\u00a0?<\/p>\n<p>[\/et_pb_blurb][\/et_pb_column][et_pb_column type=\u00a0\u00bb1_5&Prime; _builder_version=\u00a0\u00bb3.19.15&Prime;][et_pb_blurb title=\u00a0\u00bb\u00c9l\u00e9anor et Mathurin Gr\u00e9ville\u00a0\u00bb image=\u00a0\u00bbhttp:\/\/www.finelouche.petitlezard.com\/wp-content\/uploads\/2019\/03\/va-persos-parents.png\u00a0\u00bb _builder_version=\u00a0\u00bb3.19.15&Prime; header_font=\u00a0\u00bb||||||||\u00a0\u00bb header_text_align=\u00a0\u00bbcenter\u00a0\u00bb]<\/p>\n<p>Explorateurs, arch\u00e9ologues et historiens renomm\u00e9s. On fait appel \u00e0 eux dans le monde entier pour leur expertise. Ils sont souvent en voyage. Trop souvent au go\u00fbt de Victor et Ad\u00e9lie.<\/p>\n<p>[\/et_pb_blurb][\/et_pb_column][\/et_pb_row][\/et_pb_section]<\/p>\n","protected":false},"excerpt":{"rendered":"<p>[et_pb_section fb_built=\u00a0\u00bb1&Prime; admin_label=\u00a0\u00bbsection\u00a0\u00bb _builder_version=\u00a0\u00bb3.0.47&Prime;][et_pb_row custom_padding=\u00a0\u00bb0|0px|27px|0px|false|false\u00a0\u00bb _builder_version=\u00a0\u00bb3.19.15&Prime;][et_pb_column type=\u00a0\u00bb4_4&Prime; _builder_version=\u00a0\u00bb3.19.15&Prime;][et_pb_text _builder_version=\u00a0\u00bb3.19.15&Prime; header_font=\u00a0\u00bb||||||||\u00a0\u00bb header_text_align=\u00a0\u00bbcenter\u00a0\u00bb] Victor &amp; Ad\u00e9lie, Aventuriers extraordinaires La s\u00e9rie \u00ab\u00a0Victor et Ad\u00e9lie, aventuriers extraordinaires\u00a0\u00bb se d\u00e9roule 30 ans avant \u00ab\u00a0Les aventures fantastiques de Sacr\u00e9-Coeur\u00a0\u00bb. Cela permet de retrouver les personnages principaux dans leur jeunesse et d&rsquo;en apprendre plus sur eux. Entre Jules Verne et James Bond, [&hellip;]<\/p>\n","protected":false},"author":1,"featured_media":0,"parent":5,"menu_order":0,"comment_status":"open","ping_status":"open","template":"","meta":{"_et_pb_use_builder":"on","_et_pb_old_content":"Voici un exemple de page. Elle est diff\u00e9rente d\u2019un article de blog, en cela qu\u2019elle restera \u00e0 la m\u00eame place, et s\u2019affichera dans le menu de navigation de votre site (en fonction de votre th\u00e8me). La plupart des gens commencent par \u00e9crire une page \u00ab&nbsp;\u00c0 Propos&nbsp;\u00bb qui les pr\u00e9sente aux visiteurs potentiels du site. Vous pourriez y \u00e9crire quelque chose de ce tenant&nbsp;:\n<blockquote>Bonjour&nbsp;! Je suis un m\u00e9canicien qui aspire \u00e0 devenir un acteur, et ceci est mon blog. J\u2019habite \u00e0 Bordeaux, j\u2019ai un super chien qui s\u2019appelle Russell, et j\u2019aime la vodka-ananas (ainsi que perdre mon temps \u00e0 regarder la pluie tomber).<\/blockquote>\n...ou bien quelque chose comme cela&nbsp;:\n<blockquote>La soci\u00e9t\u00e9 123 Machin Truc a \u00e9t\u00e9 cr\u00e9\u00e9e en 1971, et n\u2019a cess\u00e9 de proposer au public des machins-trucs de qualit\u00e9 depuis cette ann\u00e9e. Situ\u00e9e \u00e0 Saint-Remy-en-Bouzemont-Saint-Genest-et-Isson, 123 Machin Truc emploie 2&nbsp;000 personnes, et fabrique toutes sortes de bidules super pour la communaut\u00e9 bouzemontoise.<\/blockquote>\n\u00c9tant donn\u00e9 que vous \u00eates un nouvel utilisateur ou une nouvelle utilisatrice de WordPress, vous devriez vous rendre sur votre <a href=\"http:\/\/www.finelouche.petitlezard.com\/wp-admin\/\">tableau de bord<\/a> pour effacer la pr\u00e9sente page, et cr\u00e9er de nouvelles pages avec votre propre contenu. Amusez-vous bien&nbsp;!","spay_email":"","footnotes":""},"class_list":["post-2","page","type-page","status-publish","hentry"],"yoast_head":"<!-- This site is optimized with the Yoast SEO plugin v18.6 - https:\/\/yoast.com\/wordpress\/plugins\/seo\/ -->\n<title>Victor Ad\u00e9lie Audouin Sarn - Finelouche - Laurent Audouin - Am\u00e9lie Sarn<\/title>\n<meta name=\"description\" content=\"D\u00e9couvrez avec le personnage de Finelouche les s\u00e9ries Les Aventures Fantastiques de Sacr\u00e9-C\u0153ur et Victor et Ad\u00e9lie par Am\u00e9lie Sarn et Laurent Audouin.\" \/>\n<meta name=\"robots\" content=\"index, follow, max-snippet:-1, max-image-preview:large, max-video-preview:-1\" \/>\n<link rel=\"canonical\" href=\"http:\/\/www.finelouche.petitlezard.com\/?page_id=2\" \/>\n<meta property=\"og:locale\" content=\"fr_FR\" \/>\n<meta property=\"og:type\" content=\"article\" \/>\n<meta property=\"og:title\" content=\"Victor Ad\u00e9lie Audouin Sarn - Finelouche - Laurent Audouin - Am\u00e9lie Sarn\" \/>\n<meta property=\"og:description\" content=\"D\u00e9couvrez avec le personnage de Finelouche les s\u00e9ries Les Aventures Fantastiques de Sacr\u00e9-C\u0153ur et Victor et Ad\u00e9lie par Am\u00e9lie Sarn et Laurent Audouin.\" \/>\n<meta property=\"og:url\" content=\"http:\/\/www.finelouche.petitlezard.com\/?page_id=2\" \/>\n<meta property=\"og:site_name\" content=\"Finelouche - Laurent Audouin - Am\u00e9lie Sarn\" \/>\n<meta property=\"article:modified_time\" content=\"2020-05-11T15:19:13+00:00\" \/>\n<meta property=\"og:image\" content=\"http:\/\/www.finelouche.petitlezard.com\/wp-content\/uploads\/2019\/03\/couv-dessinateur.png\" \/>\n\t<meta property=\"og:image:width\" content=\"500\" \/>\n\t<meta property=\"og:image:height\" content=\"627\" \/>\n\t<meta property=\"og:image:type\" content=\"image\/png\" \/>\n<meta name=\"twitter:card\" content=\"summary_large_image\" \/>\n<meta name=\"twitter:label1\" content=\"Dur\u00e9e de lecture estim\u00e9e\" \/>\n\t<meta name=\"twitter:data1\" content=\"4 minutes\" \/>\n<script type=\"application\/ld+json\" class=\"yoast-schema-graph\">{\"@context\":\"https:\/\/schema.org\",\"@graph\":[{\"@type\":[\"Person\",\"Organization\"],\"@id\":\"http:\/\/www.finelouche.petitlezard.com\/#\/schema\/person\/73f67114688c057c63ebe91fff4b86c4\",\"name\":\"Laurent Audouin\",\"image\":{\"@type\":\"ImageObject\",\"@id\":\"http:\/\/www.finelouche.petitlezard.com\/#personlogo\",\"inLanguage\":\"fr-FR\",\"url\":\"http:\/\/www.finelouche.petitlezard.com\/wp-content\/uploads\/2019\/04\/dedicaces-1-1024x856.jpg\",\"contentUrl\":\"http:\/\/www.finelouche.petitlezard.com\/wp-content\/uploads\/2019\/04\/dedicaces-1-1024x856.jpg\",\"width\":1024,\"height\":856,\"caption\":\"Laurent Audouin\"},\"logo\":{\"@id\":\"http:\/\/www.finelouche.petitlezard.com\/#personlogo\"},\"sameAs\":[\"http:\/\/www.finelouche.petitlezard.com\/wp-admin\/user-new.php\"]},{\"@type\":\"WebSite\",\"@id\":\"http:\/\/www.finelouche.petitlezard.com\/#website\",\"url\":\"http:\/\/www.finelouche.petitlezard.com\/\",\"name\":\"Finelouche - Laurent Audouin - Am\u00e9lie Sarn\",\"description\":\"D\u00e9couvrez les aventures fantastiques de Sacr\u00e9-Coeur et Victor et Ad\u00e9lie, aventuriers axtraordinaires, ainsi que leurs auteurs Laurent Audouin et Am\u00e9lie Sarn.\",\"publisher\":{\"@id\":\"http:\/\/www.finelouche.petitlezard.com\/#\/schema\/person\/73f67114688c057c63ebe91fff4b86c4\"},\"potentialAction\":[{\"@type\":\"SearchAction\",\"target\":{\"@type\":\"EntryPoint\",\"urlTemplate\":\"http:\/\/www.finelouche.petitlezard.com\/?s={search_term_string}\"},\"query-input\":\"required name=search_term_string\"}],\"inLanguage\":\"fr-FR\"},{\"@type\":\"WebPage\",\"@id\":\"http:\/\/www.finelouche.petitlezard.com\/?page_id=2#webpage\",\"url\":\"http:\/\/www.finelouche.petitlezard.com\/?page_id=2\",\"name\":\"Victor Ad\u00e9lie Audouin Sarn - Finelouche - Laurent Audouin - Am\u00e9lie Sarn\",\"isPartOf\":{\"@id\":\"http:\/\/www.finelouche.petitlezard.com\/#website\"},\"datePublished\":\"2019-02-04T10:41:25+00:00\",\"dateModified\":\"2020-05-11T15:19:13+00:00\",\"description\":\"D\u00e9couvrez avec le personnage de Finelouche les s\u00e9ries Les Aventures Fantastiques de Sacr\u00e9-C\u0153ur et Victor et Ad\u00e9lie par Am\u00e9lie Sarn et Laurent Audouin.\",\"breadcrumb\":{\"@id\":\"http:\/\/www.finelouche.petitlezard.com\/?page_id=2#breadcrumb\"},\"inLanguage\":\"fr-FR\",\"potentialAction\":[{\"@type\":\"ReadAction\",\"target\":[\"http:\/\/www.finelouche.petitlezard.com\/?page_id=2\"]}]},{\"@type\":\"BreadcrumbList\",\"@id\":\"http:\/\/www.finelouche.petitlezard.com\/?page_id=2#breadcrumb\",\"itemListElement\":[{\"@type\":\"ListItem\",\"position\":1,\"name\":\"Accueil\",\"item\":\"http:\/\/www.finelouche.petitlezard.com\/\"},{\"@type\":\"ListItem\",\"position\":2,\"name\":\"Tout sur les albums\",\"item\":\"http:\/\/www.finelouche.petitlezard.com\/\"},{\"@type\":\"ListItem\",\"position\":3,\"name\":\"Victor et Ad\u00e9lie\"}]}]}<\/script>\n<!-- \/ Yoast SEO plugin. -->","yoast_head_json":{"title":"Victor Ad\u00e9lie Audouin Sarn - Finelouche - Laurent Audouin - Am\u00e9lie Sarn","description":"D\u00e9couvrez avec le personnage de Finelouche les s\u00e9ries Les Aventures Fantastiques de Sacr\u00e9-C\u0153ur et Victor et Ad\u00e9lie par Am\u00e9lie Sarn et Laurent Audouin.","robots":{"index":"index","follow":"follow","max-snippet":"max-snippet:-1","max-image-preview":"max-image-preview:large","max-video-preview":"max-video-preview:-1"},"canonical":"http:\/\/www.finelouche.petitlezard.com\/?page_id=2","og_locale":"fr_FR","og_type":"article","og_title":"Victor Ad\u00e9lie Audouin Sarn - Finelouche - Laurent Audouin - Am\u00e9lie Sarn","og_description":"D\u00e9couvrez avec le personnage de Finelouche les s\u00e9ries Les Aventures Fantastiques de Sacr\u00e9-C\u0153ur et Victor et Ad\u00e9lie par Am\u00e9lie Sarn et Laurent Audouin.","og_url":"http:\/\/www.finelouche.petitlezard.com\/?page_id=2","og_site_name":"Finelouche - Laurent Audouin - Am\u00e9lie Sarn","article_modified_time":"2020-05-11T15:19:13+00:00","og_image":[{"width":500,"height":627,"url":"http:\/\/www.finelouche.petitlezard.com\/wp-content\/uploads\/2019\/03\/couv-dessinateur.png","type":"image\/png"}],"twitter_card":"summary_large_image","twitter_misc":{"Dur\u00e9e de lecture estim\u00e9e":"4 minutes"},"schema":{"@context":"https:\/\/schema.org","@graph":[{"@type":["Person","Organization"],"@id":"http:\/\/www.finelouche.petitlezard.com\/#\/schema\/person\/73f67114688c057c63ebe91fff4b86c4","name":"Laurent Audouin","image":{"@type":"ImageObject","@id":"http:\/\/www.finelouche.petitlezard.com\/#personlogo","inLanguage":"fr-FR","url":"http:\/\/www.finelouche.petitlezard.com\/wp-content\/uploads\/2019\/04\/dedicaces-1-1024x856.jpg","contentUrl":"http:\/\/www.finelouche.petitlezard.com\/wp-content\/uploads\/2019\/04\/dedicaces-1-1024x856.jpg","width":1024,"height":856,"caption":"Laurent Audouin"},"logo":{"@id":"http:\/\/www.finelouche.petitlezard.com\/#personlogo"},"sameAs":["http:\/\/www.finelouche.petitlezard.com\/wp-admin\/user-new.php"]},{"@type":"WebSite","@id":"http:\/\/www.finelouche.petitlezard.com\/#website","url":"http:\/\/www.finelouche.petitlezard.com\/","name":"Finelouche - Laurent Audouin - Am\u00e9lie Sarn","description":"D\u00e9couvrez les aventures fantastiques de Sacr\u00e9-Coeur et Victor et Ad\u00e9lie, aventuriers axtraordinaires, ainsi que leurs auteurs Laurent Audouin et Am\u00e9lie Sarn.","publisher":{"@id":"http:\/\/www.finelouche.petitlezard.com\/#\/schema\/person\/73f67114688c057c63ebe91fff4b86c4"},"potentialAction":[{"@type":"SearchAction","target":{"@type":"EntryPoint","urlTemplate":"http:\/\/www.finelouche.petitlezard.com\/?s={search_term_string}"},"query-input":"required name=search_term_string"}],"inLanguage":"fr-FR"},{"@type":"WebPage","@id":"http:\/\/www.finelouche.petitlezard.com\/?page_id=2#webpage","url":"http:\/\/www.finelouche.petitlezard.com\/?page_id=2","name":"Victor Ad\u00e9lie Audouin Sarn - Finelouche - Laurent Audouin - Am\u00e9lie Sarn","isPartOf":{"@id":"http:\/\/www.finelouche.petitlezard.com\/#website"},"datePublished":"2019-02-04T10:41:25+00:00","dateModified":"2020-05-11T15:19:13+00:00","description":"D\u00e9couvrez avec le personnage de Finelouche les s\u00e9ries Les Aventures Fantastiques de Sacr\u00e9-C\u0153ur et Victor et Ad\u00e9lie par Am\u00e9lie Sarn et Laurent Audouin.","breadcrumb":{"@id":"http:\/\/www.finelouche.petitlezard.com\/?page_id=2#breadcrumb"},"inLanguage":"fr-FR","potentialAction":[{"@type":"ReadAction","target":["http:\/\/www.finelouche.petitlezard.com\/?page_id=2"]}]},{"@type":"BreadcrumbList","@id":"http:\/\/www.finelouche.petitlezard.com\/?page_id=2#breadcrumb","itemListElement":[{"@type":"ListItem","position":1,"name":"Accueil","item":"http:\/\/www.finelouche.petitlezard.com\/"},{"@type":"ListItem","position":2,"name":"Tout sur les albums","item":"http:\/\/www.finelouche.petitlezard.com\/"},{"@type":"ListItem","position":3,"name":"Victor et Ad\u00e9lie"}]}]}},"amp_enabled":true,"_links":{"self":[{"href":"http:\/\/www.finelouche.petitlezard.com\/index.php?rest_route=\/wp\/v2\/pages\/2","targetHints":{"allow":["GET"]}}],"collection":[{"href":"http:\/\/www.finelouche.petitlezard.com\/index.php?rest_route=\/wp\/v2\/pages"}],"about":[{"href":"http:\/\/www.finelouche.petitlezard.com\/index.php?rest_route=\/wp\/v2\/types\/page"}],"author":[{"embeddable":true,"href":"http:\/\/www.finelouche.petitlezard.com\/index.php?rest_route=\/wp\/v2\/users\/1"}],"replies":[{"embeddable":true,"href":"http:\/\/www.finelouche.petitlezard.com\/index.php?rest_route=%2Fwp%2Fv2%2Fcomments&post=2"}],"version-history":[{"count":50,"href":"http:\/\/www.finelouche.petitlezard.com\/index.php?rest_route=\/wp\/v2\/pages\/2\/revisions"}],"predecessor-version":[{"id":15763,"href":"http:\/\/www.finelouche.petitlezard.com\/index.php?rest_route=\/wp\/v2\/pages\/2\/revisions\/15763"}],"up":[{"embeddable":true,"href":"http:\/\/www.finelouche.petitlezard.com\/index.php?rest_route=\/wp\/v2\/pages\/5"}],"wp:attachment":[{"href":"http:\/\/www.finelouche.petitlezard.com\/index.php?rest_route=%2Fwp%2Fv2%2Fmedia&parent=2"}],"curies":[{"name":"wp","href":"https:\/\/api.w.org\/{rel}","templated":true}]}}