{"id":15162,"date":"2020-05-04T14:00:07","date_gmt":"2020-05-04T12:00:07","guid":{"rendered":"http:\/\/www.finelouche.petitlezard.com\/?page_id=15162"},"modified":"2020-07-31T21:25:32","modified_gmt":"2020-07-31T19:25:32","slug":"recettes-de-tante-finelouche-sacre-coeur","status":"publish","type":"page","link":"http:\/\/www.finelouche.petitlezard.com\/?page_id=15162","title":{"rendered":"Les recettes de Tante Finelouche"},"content":{"rendered":"<p>[et_pb_section fb_built=\u00a0\u00bb1&Prime; _builder_version=\u00a0\u00bb3.19.15&Prime;][et_pb_row _builder_version=\u00a0\u00bb3.19.15&Prime;][et_pb_column type=\u00a0\u00bb4_4&Prime; _builder_version=\u00a0\u00bb3.19.15&Prime;][et_pb_text _builder_version=\u00a0\u00bb3.19.15&Prime;]<\/p>\n<h2>Dans chaque album, Tante Finelouche pr\u00e9pare diff\u00e9rents g\u00e2teaux,<\/h2>\n<h2>retrouve ici toutes ses d\u00e9licieuses recettes que tu pourras toi aussi r\u00e9aliser !!!<\/h2>\n<h3><span style=\"color: #ff0000;\">Et chaque samedi, retrouve une nouvelle recette de tante finelouche !!!<\/span><\/h3>\n<h4><span style=\"color: #ff0000;\">N&rsquo;h\u00e9site surtout pas \u00e0 partager les d\u00e9licieux g\u00e2teaux de Tante Finelouche que tu as fait sur Facebook et sur <span style=\"text-decoration: underline;\"><a href=\"https:\/\/www.instagram.com\/audouin.laurent\/?hl=fr\" target=\"_blank\" rel=\"noopener noreferrer\">Instagram avec le #laurentaudouin<\/a><\/span> !!!<\/span><\/h4>\n<p>[\/et_pb_text][\/et_pb_column][\/et_pb_row][et_pb_row _builder_version=\u00a0\u00bb3.19.15&Prime;][et_pb_column type=\u00a0\u00bb1_3&Prime; _builder_version=\u00a0\u00bb3.19.15&Prime;][et_pb_text _builder_version=\u00a0\u00bb3.19.15&Prime;]<\/p>\n<h3>Le clafoutis aux cerises<\/h3>\n<p>[\/et_pb_text][et_pb_image box_shadow_style=\u00a0\u00bbpreset1&Prime; src=\u00a0\u00bbhttp:\/\/www.finelouche.petitlezard.com\/wp-content\/uploads\/2020\/05\/recette-clafoutis-aux-cerises.jpg\u00a0\u00bb _builder_version=\u00a0\u00bb3.19.15&Prime;][\/et_pb_image][et_pb_button button_text=\u00a0\u00bbD\u00e9couvrir ici\u00a0\u00bb _builder_version=\u00a0\u00bb3.19.15&Prime; button_url=\u00a0\u00bbhttp:\/\/www.finelouche.petitlezard.com\/?p=15546&Prime;][\/et_pb_button][\/et_pb_column][et_pb_column type=\u00a0\u00bb1_3&Prime; _builder_version=\u00a0\u00bb3.19.15&Prime;][et_pb_text _builder_version=\u00a0\u00bb3.19.15&Prime;]<\/p>\n<h3>Les meringues fant\u00f4mes<\/h3>\n<p>[\/et_pb_text][et_pb_image src=\u00a0\u00bbhttp:\/\/www.finelouche.petitlezard.com\/wp-content\/uploads\/2020\/06\/recette-meringues-fanto\u0302mes.jpg\u00a0\u00bb _builder_version=\u00a0\u00bb3.19.15&Prime; box_shadow_style=\u00a0\u00bbpreset1&Prime;][\/et_pb_image][et_pb_button button_url=\u00a0\u00bbhttp:\/\/www.finelouche.petitlezard.com\/?p=16108&Prime; button_text=\u00a0\u00bbD\u00e9couvrir ici\u00a0\u00bb _builder_version=\u00a0\u00bb3.19.15&Prime;][\/et_pb_button][\/et_pb_column][et_pb_column type=\u00a0\u00bb1_3&Prime; _builder_version=\u00a0\u00bb3.19.15&Prime;][et_pb_text _builder_version=\u00a0\u00bb3.19.15&Prime;]<\/p>\n<h3>Les gaufres<\/h3>\n<p>[\/et_pb_text][et_pb_image src=\u00a0\u00bbhttp:\/\/www.finelouche.petitlezard.com\/wp-content\/uploads\/2020\/05\/recette-gaufres.jpg\u00a0\u00bb _builder_version=\u00a0\u00bb3.19.15&Prime; box_shadow_style=\u00a0\u00bbpreset1&Prime;][\/et_pb_image][et_pb_button button_url=\u00a0\u00bbhttp:\/\/www.finelouche.petitlezard.com\/?p=15521&Prime; button_text=\u00a0\u00bbD\u00e9couvrir ici\u00a0\u00bb _builder_version=\u00a0\u00bb3.19.15&Prime; box_shadow_style=\u00a0\u00bbpreset1&Prime;][\/et_pb_button][\/et_pb_column][\/et_pb_row][et_pb_row _builder_version=\u00a0\u00bb3.19.15&Prime;][et_pb_column type=\u00a0\u00bb1_3&Prime; _builder_version=\u00a0\u00bb3.19.15&Prime;][et_pb_text _builder_version=\u00a0\u00bb3.19.15&Prime;]<\/p>\n<h3>La tarte aux pommes<\/h3>\n<p>[\/et_pb_text][et_pb_image src=\u00a0\u00bbhttp:\/\/www.finelouche.petitlezard.com\/wp-content\/uploads\/2020\/05\/recette-tarte-aux-pommes.jpg\u00a0\u00bb _builder_version=\u00a0\u00bb3.19.15&Prime; box_shadow_style=\u00a0\u00bbpreset1&Prime;][\/et_pb_image][et_pb_button button_url=\u00a0\u00bbhttp:\/\/www.finelouche.petitlezard.com\/?p=15528&Prime; button_text=\u00a0\u00bbD\u00e9couvrir ici\u00a0\u00bb _builder_version=\u00a0\u00bb3.19.15&Prime; box_shadow_style=\u00a0\u00bbpreset1&Prime;][\/et_pb_button][\/et_pb_column][et_pb_column type=\u00a0\u00bb1_3&Prime; _builder_version=\u00a0\u00bb3.19.15&Prime;][et_pb_text _builder_version=\u00a0\u00bb3.19.15&Prime;]<\/p>\n<h3>Les sabl\u00e9s de Mimi\u00a0<\/h3>\n<p>[\/et_pb_text][et_pb_image src=\u00a0\u00bbhttp:\/\/www.finelouche.petitlezard.com\/wp-content\/uploads\/2020\/06\/recettesable\u0301s.jpg\u00a0\u00bb _builder_version=\u00a0\u00bb3.19.15&Prime; box_shadow_style=\u00a0\u00bbpreset1&Prime;][\/et_pb_image][et_pb_button button_url=\u00a0\u00bbhttp:\/\/www.finelouche.petitlezard.com\/?p=16061&Prime; button_text=\u00a0\u00bbD\u00e9couvrir ici\u00a0\u00bb _builder_version=\u00a0\u00bb3.19.15&Prime;][\/et_pb_button][\/et_pb_column][et_pb_column type=\u00a0\u00bb1_3&Prime; _builder_version=\u00a0\u00bb3.19.15&Prime;][et_pb_text _builder_version=\u00a0\u00bb3.19.15&Prime;]<\/p>\n<h3>La mousse au chocolat<\/h3>\n<p>[\/et_pb_text][et_pb_image src=\u00a0\u00bbhttp:\/\/www.finelouche.petitlezard.com\/wp-content\/uploads\/2020\/05\/recette-mousse-au-chocolat.jpg\u00a0\u00bb _builder_version=\u00a0\u00bb3.19.15&Prime; box_shadow_style=\u00a0\u00bbpreset1&Prime;][\/et_pb_image][et_pb_button button_url=\u00a0\u00bbhttp:\/\/www.finelouche.petitlezard.com\/?p=15543&Prime; button_text=\u00a0\u00bbD\u00e9couvrir ici\u00a0\u00bb _builder_version=\u00a0\u00bb3.19.15&Prime; box_shadow_style=\u00a0\u00bbpreset1&Prime;][\/et_pb_button][\/et_pb_column][\/et_pb_row][et_pb_row _builder_version=\u00a0\u00bb3.19.15&Prime;][et_pb_column type=\u00a0\u00bb1_3&Prime; _builder_version=\u00a0\u00bb3.19.15&Prime;][et_pb_text _builder_version=\u00a0\u00bb3.19.15&Prime;]<\/p>\n<h3>Les madeleines<\/h3>\n<p>[\/et_pb_text][et_pb_image src=\u00a0\u00bbhttp:\/\/www.finelouche.petitlezard.com\/wp-content\/uploads\/2020\/05\/recette-madeleine.jpg\u00a0\u00bb _builder_version=\u00a0\u00bb3.19.15&Prime; box_shadow_style=\u00a0\u00bbpreset1&Prime;][\/et_pb_image][et_pb_button button_url=\u00a0\u00bbhttp:\/\/www.finelouche.petitlezard.com\/?p=15504&Prime; button_text=\u00a0\u00bbD\u00e9couvrir ici\u00a0\u00bb _builder_version=\u00a0\u00bb3.19.15&Prime; box_shadow_style=\u00a0\u00bbpreset1&Prime;][\/et_pb_button][\/et_pb_column][et_pb_column type=\u00a0\u00bb1_3&Prime; _builder_version=\u00a0\u00bb3.19.15&Prime;][et_pb_text _builder_version=\u00a0\u00bb3.19.15&Prime;]<\/p>\n<h3>Les tartelettes aux fraises<\/h3>\n<p>[\/et_pb_text][et_pb_image src=\u00a0\u00bbhttp:\/\/www.finelouche.petitlezard.com\/wp-content\/uploads\/2020\/05\/recettetarelettes-fraises.jpg\u00a0\u00bb _builder_version=\u00a0\u00bb3.19.15&Prime; box_shadow_style=\u00a0\u00bbpreset1&Prime;][\/et_pb_image][et_pb_button button_url=\u00a0\u00bbhttp:\/\/www.finelouche.petitlezard.com\/?p=15856&Prime; button_text=\u00a0\u00bbD\u00e9couvrir ici\u00a0\u00bb _builder_version=\u00a0\u00bb3.19.15&Prime;][\/et_pb_button][\/et_pb_column][et_pb_column type=\u00a0\u00bb1_3&Prime; _builder_version=\u00a0\u00bb3.19.15&Prime;][et_pb_text _builder_version=\u00a0\u00bb3.19.15&Prime;]<\/p>\n<h3>La tarte aux pruneaux<\/h3>\n<p>[\/et_pb_text][et_pb_image src=\u00a0\u00bbhttp:\/\/www.finelouche.petitlezard.com\/wp-content\/uploads\/2020\/05\/recette-tarte-aux-pruneaux.jpg\u00a0\u00bb _builder_version=\u00a0\u00bb3.19.15&Prime; box_shadow_style=\u00a0\u00bbpreset1&Prime;][\/et_pb_image][et_pb_button button_url=\u00a0\u00bbhttp:\/\/www.finelouche.petitlezard.com\/?p=15540&Prime; button_text=\u00a0\u00bbD\u00e9couvrir ici\u00a0\u00bb _builder_version=\u00a0\u00bb3.19.15&Prime; box_shadow_style=\u00a0\u00bbpreset1&Prime;][\/et_pb_button][\/et_pb_column][\/et_pb_row][et_pb_row _builder_version=\u00a0\u00bb3.19.15&Prime;][et_pb_column type=\u00a0\u00bb1_3&Prime; _builder_version=\u00a0\u00bb3.19.15&Prime;][et_pb_text _builder_version=\u00a0\u00bb3.19.15&Prime;]<\/p>\n<h3>Le mille-feuilles<\/h3>\n<p>[\/et_pb_text][et_pb_image src=\u00a0\u00bbhttp:\/\/www.finelouche.petitlezard.com\/wp-content\/uploads\/2020\/05\/recette-millfeuilles.jpg\u00a0\u00bb _builder_version=\u00a0\u00bb3.19.15&Prime; box_shadow_style=\u00a0\u00bbpreset1&Prime;][\/et_pb_image][et_pb_button button_url=\u00a0\u00bbhttp:\/\/www.finelouche.petitlezard.com\/?p=15532&Prime; button_text=\u00a0\u00bbD\u00e9couvrir ici\u00a0\u00bb _builder_version=\u00a0\u00bb3.19.15&Prime; box_shadow_style=\u00a0\u00bbpreset1&Prime;][\/et_pb_button][\/et_pb_column][et_pb_column type=\u00a0\u00bb1_3&Prime; _builder_version=\u00a0\u00bb3.19.15&Prime;][et_pb_text _builder_version=\u00a0\u00bb3.19.15&Prime;]<\/p>\n<h3>Les religieuses au chocolat<\/h3>\n<p>[\/et_pb_text][et_pb_image src=\u00a0\u00bbhttp:\/\/www.finelouche.petitlezard.com\/wp-content\/uploads\/2020\/05\/recette-religieuses.jpg\u00a0\u00bb _builder_version=\u00a0\u00bb3.19.15&Prime; box_shadow_style=\u00a0\u00bbpreset1&Prime;][\/et_pb_image][et_pb_button button_url=\u00a0\u00bbhttp:\/\/www.finelouche.petitlezard.com\/?p=15524&Prime; button_text=\u00a0\u00bbD\u00e9couvrir ici \u00a0\u00bb _builder_version=\u00a0\u00bb3.19.15&Prime; box_shadow_style=\u00a0\u00bbpreset1&Prime;][\/et_pb_button][\/et_pb_column][et_pb_column type=\u00a0\u00bb1_3&Prime; _builder_version=\u00a0\u00bb3.19.15&Prime;][et_pb_text _builder_version=\u00a0\u00bb3.19.15&Prime;]<\/p>\n<h3>La for\u00eat-noire<\/h3>\n<p>[\/et_pb_text][et_pb_image src=\u00a0\u00bbhttp:\/\/www.finelouche.petitlezard.com\/wp-content\/uploads\/2020\/05\/recette-for\u00eat-noire.jpg\u00a0\u00bb _builder_version=\u00a0\u00bb3.19.15&Prime; box_shadow_style=\u00a0\u00bbpreset1&Prime;][\/et_pb_image][et_pb_button button_url=\u00a0\u00bbhttp:\/\/www.finelouche.petitlezard.com\/?p=15535&Prime; button_text=\u00a0\u00bbD\u00e9couvrir ici\u00a0\u00bb _builder_version=\u00a0\u00bb3.19.15&Prime; box_shadow_style=\u00a0\u00bbpreset1&Prime;][\/et_pb_button][\/et_pb_column][\/et_pb_row][et_pb_row _builder_version=\u00a0\u00bb3.19.15&Prime;][et_pb_column type=\u00a0\u00bb1_3&Prime; _builder_version=\u00a0\u00bb3.19.15&Prime;][et_pb_text _builder_version=\u00a0\u00bb3.19.15&Prime;]<\/p>\n<h3>La Charlotte aux fraises<\/h3>\n<p>[\/et_pb_text][et_pb_image src=\u00a0\u00bbhttp:\/\/www.finelouche.petitlezard.com\/wp-content\/uploads\/2020\/05\/recette-charlottes-aux-fraises.jpg\u00a0\u00bb _builder_version=\u00a0\u00bb3.19.15&Prime; box_shadow_style=\u00a0\u00bbpreset1&Prime;][\/et_pb_image][et_pb_button button_url=\u00a0\u00bbhttp:\/\/www.finelouche.petitlezard.com\/?p=15509&Prime; button_text=\u00a0\u00bbD\u00e9couvrir ici\u00a0\u00bb _builder_version=\u00a0\u00bb3.19.15&Prime; box_shadow_style=\u00a0\u00bbpreset1&Prime;][\/et_pb_button][\/et_pb_column][et_pb_column type=\u00a0\u00bb1_3&Prime; _builder_version=\u00a0\u00bb3.19.15&Prime;][et_pb_text _builder_version=\u00a0\u00bb3.19.15&Prime;]<\/p>\n<h3>Les \u00e9clairs au chocolat<\/h3>\n<p>[\/et_pb_text][et_pb_image src=\u00a0\u00bbhttp:\/\/www.finelouche.petitlezard.com\/wp-content\/uploads\/2020\/05\/recette-\u00e9clair.jpg\u00a0\u00bb _builder_version=\u00a0\u00bb3.19.15&Prime; box_shadow_style=\u00a0\u00bbpreset1&Prime;][\/et_pb_image][et_pb_button button_url=\u00a0\u00bbhttp:\/\/www.finelouche.petitlezard.com\/?p=15517&Prime; button_text=\u00a0\u00bbD\u00e9couvrir ici\u00a0\u00bb _builder_version=\u00a0\u00bb3.19.15&Prime; box_shadow_style=\u00a0\u00bbpreset1&Prime;][\/et_pb_button][\/et_pb_column][et_pb_column type=\u00a0\u00bb1_3&Prime; _builder_version=\u00a0\u00bb3.19.15&Prime;][\/et_pb_column][\/et_pb_row][\/et_pb_section]<\/p>\n","protected":false},"excerpt":{"rendered":"<p>[et_pb_section fb_built=\u00a0\u00bb1&Prime; _builder_version=\u00a0\u00bb3.19.15&Prime;][et_pb_row _builder_version=\u00a0\u00bb3.19.15&Prime;][et_pb_column type=\u00a0\u00bb4_4&Prime; _builder_version=\u00a0\u00bb3.19.15&Prime;][et_pb_text _builder_version=\u00a0\u00bb3.19.15&Prime;] Dans chaque album, Tante Finelouche pr\u00e9pare diff\u00e9rents g\u00e2teaux, retrouve ici toutes ses d\u00e9licieuses recettes que tu pourras toi aussi r\u00e9aliser !!! Et chaque samedi, retrouve une nouvelle recette de tante finelouche !!! N&rsquo;h\u00e9site surtout pas \u00e0 partager les d\u00e9licieux g\u00e2teaux de Tante Finelouche que tu as fait sur [&hellip;]<\/p>\n","protected":false},"author":1,"featured_media":0,"parent":0,"menu_order":0,"comment_status":"closed","ping_status":"closed","template":"","meta":{"_et_pb_use_builder":"on","_et_pb_old_content":"","spay_email":"","footnotes":""},"class_list":["post-15162","page","type-page","status-publish","hentry"],"yoast_head":"<!-- This site is optimized with the Yoast SEO plugin v18.6 - https:\/\/yoast.com\/wordpress\/plugins\/seo\/ -->\n<title>Les de Recettes de Tante Finelouche Sacr\u00e9-Coeur<\/title>\n<meta name=\"description\" content=\"Les Recettes de Tante Finelouche dont raffole Sacr\u00e9-Coeur. Vous pourrez les r\u00e9aliser facilement en famille et vous r\u00e9galer avec vos enfants !\" \/>\n<meta name=\"robots\" content=\"index, follow, max-snippet:-1, max-image-preview:large, max-video-preview:-1\" \/>\n<link rel=\"canonical\" href=\"http:\/\/www.finelouche.petitlezard.com\/?page_id=15162\" \/>\n<meta property=\"og:locale\" content=\"fr_FR\" \/>\n<meta property=\"og:type\" content=\"article\" \/>\n<meta property=\"og:title\" content=\"Les de Recettes de Tante Finelouche Sacr\u00e9-Coeur\" \/>\n<meta property=\"og:description\" content=\"Les Recettes de Tante Finelouche dont raffole Sacr\u00e9-Coeur. Vous pourrez les r\u00e9aliser facilement en famille et vous r\u00e9galer avec vos enfants !\" \/>\n<meta property=\"og:url\" content=\"http:\/\/www.finelouche.petitlezard.com\/?page_id=15162\" \/>\n<meta property=\"og:site_name\" content=\"Finelouche - Laurent Audouin - Am\u00e9lie Sarn\" \/>\n<meta property=\"article:modified_time\" content=\"2020-07-31T19:25:32+00:00\" \/>\n<meta property=\"og:image\" content=\"http:\/\/www.finelouche.petitlezard.com\/wp-content\/uploads\/2019\/03\/couv-dessinateur.png\" \/>\n\t<meta property=\"og:image:width\" content=\"500\" \/>\n\t<meta property=\"og:image:height\" content=\"627\" \/>\n\t<meta property=\"og:image:type\" content=\"image\/png\" \/>\n<meta name=\"twitter:card\" content=\"summary_large_image\" \/>\n<meta name=\"twitter:label1\" content=\"Dur\u00e9e de lecture estim\u00e9e\" \/>\n\t<meta name=\"twitter:data1\" content=\"5 minutes\" \/>\n<script type=\"application\/ld+json\" class=\"yoast-schema-graph\">{\"@context\":\"https:\/\/schema.org\",\"@graph\":[{\"@type\":[\"Person\",\"Organization\"],\"@id\":\"http:\/\/www.finelouche.petitlezard.com\/#\/schema\/person\/73f67114688c057c63ebe91fff4b86c4\",\"name\":\"Laurent Audouin\",\"image\":{\"@type\":\"ImageObject\",\"@id\":\"http:\/\/www.finelouche.petitlezard.com\/#personlogo\",\"inLanguage\":\"fr-FR\",\"url\":\"http:\/\/www.finelouche.petitlezard.com\/wp-content\/uploads\/2019\/04\/dedicaces-1-1024x856.jpg\",\"contentUrl\":\"http:\/\/www.finelouche.petitlezard.com\/wp-content\/uploads\/2019\/04\/dedicaces-1-1024x856.jpg\",\"width\":1024,\"height\":856,\"caption\":\"Laurent Audouin\"},\"logo\":{\"@id\":\"http:\/\/www.finelouche.petitlezard.com\/#personlogo\"},\"sameAs\":[\"http:\/\/www.finelouche.petitlezard.com\/wp-admin\/user-new.php\"]},{\"@type\":\"WebSite\",\"@id\":\"http:\/\/www.finelouche.petitlezard.com\/#website\",\"url\":\"http:\/\/www.finelouche.petitlezard.com\/\",\"name\":\"Finelouche - Laurent Audouin - Am\u00e9lie Sarn\",\"description\":\"D\u00e9couvrez les aventures fantastiques de Sacr\u00e9-Coeur et Victor et Ad\u00e9lie, aventuriers axtraordinaires, ainsi que leurs auteurs Laurent Audouin et Am\u00e9lie Sarn.\",\"publisher\":{\"@id\":\"http:\/\/www.finelouche.petitlezard.com\/#\/schema\/person\/73f67114688c057c63ebe91fff4b86c4\"},\"potentialAction\":[{\"@type\":\"SearchAction\",\"target\":{\"@type\":\"EntryPoint\",\"urlTemplate\":\"http:\/\/www.finelouche.petitlezard.com\/?s={search_term_string}\"},\"query-input\":\"required name=search_term_string\"}],\"inLanguage\":\"fr-FR\"},{\"@type\":\"WebPage\",\"@id\":\"http:\/\/www.finelouche.petitlezard.com\/?page_id=15162#webpage\",\"url\":\"http:\/\/www.finelouche.petitlezard.com\/?page_id=15162\",\"name\":\"Les de Recettes de Tante Finelouche Sacr\u00e9-Coeur\",\"isPartOf\":{\"@id\":\"http:\/\/www.finelouche.petitlezard.com\/#website\"},\"datePublished\":\"2020-05-04T12:00:07+00:00\",\"dateModified\":\"2020-07-31T19:25:32+00:00\",\"description\":\"Les Recettes de Tante Finelouche dont raffole Sacr\u00e9-Coeur. Vous pourrez les r\u00e9aliser facilement en famille et vous r\u00e9galer avec vos enfants !\",\"breadcrumb\":{\"@id\":\"http:\/\/www.finelouche.petitlezard.com\/?page_id=15162#breadcrumb\"},\"inLanguage\":\"fr-FR\",\"potentialAction\":[{\"@type\":\"ReadAction\",\"target\":[\"http:\/\/www.finelouche.petitlezard.com\/?page_id=15162\"]}]},{\"@type\":\"BreadcrumbList\",\"@id\":\"http:\/\/www.finelouche.petitlezard.com\/?page_id=15162#breadcrumb\",\"itemListElement\":[{\"@type\":\"ListItem\",\"position\":1,\"name\":\"Accueil\",\"item\":\"http:\/\/www.finelouche.petitlezard.com\/\"},{\"@type\":\"ListItem\",\"position\":2,\"name\":\"Les recettes de Tante Finelouche\"}]}]}<\/script>\n<!-- \/ Yoast SEO plugin. -->","yoast_head_json":{"title":"Les de Recettes de Tante Finelouche Sacr\u00e9-Coeur","description":"Les Recettes de Tante Finelouche dont raffole Sacr\u00e9-Coeur. Vous pourrez les r\u00e9aliser facilement en famille et vous r\u00e9galer avec vos enfants !","robots":{"index":"index","follow":"follow","max-snippet":"max-snippet:-1","max-image-preview":"max-image-preview:large","max-video-preview":"max-video-preview:-1"},"canonical":"http:\/\/www.finelouche.petitlezard.com\/?page_id=15162","og_locale":"fr_FR","og_type":"article","og_title":"Les de Recettes de Tante Finelouche Sacr\u00e9-Coeur","og_description":"Les Recettes de Tante Finelouche dont raffole Sacr\u00e9-Coeur. Vous pourrez les r\u00e9aliser facilement en famille et vous r\u00e9galer avec vos enfants !","og_url":"http:\/\/www.finelouche.petitlezard.com\/?page_id=15162","og_site_name":"Finelouche - Laurent Audouin - Am\u00e9lie Sarn","article_modified_time":"2020-07-31T19:25:32+00:00","og_image":[{"width":500,"height":627,"url":"http:\/\/www.finelouche.petitlezard.com\/wp-content\/uploads\/2019\/03\/couv-dessinateur.png","type":"image\/png"}],"twitter_card":"summary_large_image","twitter_misc":{"Dur\u00e9e de lecture estim\u00e9e":"5 minutes"},"schema":{"@context":"https:\/\/schema.org","@graph":[{"@type":["Person","Organization"],"@id":"http:\/\/www.finelouche.petitlezard.com\/#\/schema\/person\/73f67114688c057c63ebe91fff4b86c4","name":"Laurent Audouin","image":{"@type":"ImageObject","@id":"http:\/\/www.finelouche.petitlezard.com\/#personlogo","inLanguage":"fr-FR","url":"http:\/\/www.finelouche.petitlezard.com\/wp-content\/uploads\/2019\/04\/dedicaces-1-1024x856.jpg","contentUrl":"http:\/\/www.finelouche.petitlezard.com\/wp-content\/uploads\/2019\/04\/dedicaces-1-1024x856.jpg","width":1024,"height":856,"caption":"Laurent Audouin"},"logo":{"@id":"http:\/\/www.finelouche.petitlezard.com\/#personlogo"},"sameAs":["http:\/\/www.finelouche.petitlezard.com\/wp-admin\/user-new.php"]},{"@type":"WebSite","@id":"http:\/\/www.finelouche.petitlezard.com\/#website","url":"http:\/\/www.finelouche.petitlezard.com\/","name":"Finelouche - Laurent Audouin - Am\u00e9lie Sarn","description":"D\u00e9couvrez les aventures fantastiques de Sacr\u00e9-Coeur et Victor et Ad\u00e9lie, aventuriers axtraordinaires, ainsi que leurs auteurs Laurent Audouin et Am\u00e9lie Sarn.","publisher":{"@id":"http:\/\/www.finelouche.petitlezard.com\/#\/schema\/person\/73f67114688c057c63ebe91fff4b86c4"},"potentialAction":[{"@type":"SearchAction","target":{"@type":"EntryPoint","urlTemplate":"http:\/\/www.finelouche.petitlezard.com\/?s={search_term_string}"},"query-input":"required name=search_term_string"}],"inLanguage":"fr-FR"},{"@type":"WebPage","@id":"http:\/\/www.finelouche.petitlezard.com\/?page_id=15162#webpage","url":"http:\/\/www.finelouche.petitlezard.com\/?page_id=15162","name":"Les de Recettes de Tante Finelouche Sacr\u00e9-Coeur","isPartOf":{"@id":"http:\/\/www.finelouche.petitlezard.com\/#website"},"datePublished":"2020-05-04T12:00:07+00:00","dateModified":"2020-07-31T19:25:32+00:00","description":"Les Recettes de Tante Finelouche dont raffole Sacr\u00e9-Coeur. Vous pourrez les r\u00e9aliser facilement en famille et vous r\u00e9galer avec vos enfants !","breadcrumb":{"@id":"http:\/\/www.finelouche.petitlezard.com\/?page_id=15162#breadcrumb"},"inLanguage":"fr-FR","potentialAction":[{"@type":"ReadAction","target":["http:\/\/www.finelouche.petitlezard.com\/?page_id=15162"]}]},{"@type":"BreadcrumbList","@id":"http:\/\/www.finelouche.petitlezard.com\/?page_id=15162#breadcrumb","itemListElement":[{"@type":"ListItem","position":1,"name":"Accueil","item":"http:\/\/www.finelouche.petitlezard.com\/"},{"@type":"ListItem","position":2,"name":"Les recettes de Tante Finelouche"}]}]}},"amp_enabled":true,"_links":{"self":[{"href":"http:\/\/www.finelouche.petitlezard.com\/index.php?rest_route=\/wp\/v2\/pages\/15162","targetHints":{"allow":["GET"]}}],"collection":[{"href":"http:\/\/www.finelouche.petitlezard.com\/index.php?rest_route=\/wp\/v2\/pages"}],"about":[{"href":"http:\/\/www.finelouche.petitlezard.com\/index.php?rest_route=\/wp\/v2\/types\/page"}],"author":[{"embeddable":true,"href":"http:\/\/www.finelouche.petitlezard.com\/index.php?rest_route=\/wp\/v2\/users\/1"}],"replies":[{"embeddable":true,"href":"http:\/\/www.finelouche.petitlezard.com\/index.php?rest_route=%2Fwp%2Fv2%2Fcomments&post=15162"}],"version-history":[{"count":64,"href":"http:\/\/www.finelouche.petitlezard.com\/index.php?rest_route=\/wp\/v2\/pages\/15162\/revisions"}],"predecessor-version":[{"id":16163,"href":"http:\/\/www.finelouche.petitlezard.com\/index.php?rest_route=\/wp\/v2\/pages\/15162\/revisions\/16163"}],"wp:attachment":[{"href":"http:\/\/www.finelouche.petitlezard.com\/index.php?rest_route=%2Fwp%2Fv2%2Fmedia&parent=15162"}],"curies":[{"name":"wp","href":"https:\/\/api.w.org\/{rel}","templated":true}]}}