{"id":14930,"date":"2020-05-02T15:50:50","date_gmt":"2020-05-02T13:50:50","guid":{"rendered":"http:\/\/www.finelouche.petitlezard.com\/?page_id=14930"},"modified":"2020-05-25T23:13:06","modified_gmt":"2020-05-25T21:13:06","slug":"ateliers-creatifs-sacre-coeur-victor-et-adelie","status":"publish","type":"page","link":"http:\/\/www.finelouche.petitlezard.com\/?page_id=14930","title":{"rendered":"Ateliers cr\u00e9atifs"},"content":{"rendered":"<p>[et_pb_section fb_built=\u00a0\u00bb1&Prime; _builder_version=\u00a0\u00bb3.19.15&Prime;][et_pb_row _builder_version=\u00a0\u00bb3.19.15&Prime;][et_pb_column type=\u00a0\u00bb1_2&Prime; _builder_version=\u00a0\u00bb3.19.15&Prime;][et_pb_blurb use_icon=\u00a0\u00bbon\u00a0\u00bb _builder_version=\u00a0\u00bb3.19.15&Prime; link_option_url=\u00a0\u00bbhttp:\/\/www.finelouche.petitlezard.com\/?page_id=15872&Prime;]<\/p>\n<h2 style=\"text-align: center;\">Les Ateliers Cr\u00e9atifs de Sacr\u00e9-Coeur<\/h2>\n<p><a href=\"http:\/\/www.finelouche.petitlezard.com\/?page_id=15872\"><img loading=\"lazy\" decoding=\"async\" class=\"wp-image-15892 aligncenter size-large\" src=\"http:\/\/www.finelouche.petitlezard.com\/wp-content\/uploads\/2020\/05\/Couverture-ateliers-SC-1024x1024.jpeg\" alt=\"\" width=\"1024\" height=\"1024\" srcset=\"http:\/\/www.finelouche.petitlezard.com\/wp-content\/uploads\/2020\/05\/Couverture-ateliers-SC-1024x1024.jpeg 1024w, http:\/\/www.finelouche.petitlezard.com\/wp-content\/uploads\/2020\/05\/Couverture-ateliers-SC-300x300.jpeg 300w, http:\/\/www.finelouche.petitlezard.com\/wp-content\/uploads\/2020\/05\/Couverture-ateliers-SC-150x150.jpeg 150w, http:\/\/www.finelouche.petitlezard.com\/wp-content\/uploads\/2020\/05\/Couverture-ateliers-SC-768x768.jpeg 768w, http:\/\/www.finelouche.petitlezard.com\/wp-content\/uploads\/2020\/05\/Couverture-ateliers-SC-24x24.jpeg 24w, http:\/\/www.finelouche.petitlezard.com\/wp-content\/uploads\/2020\/05\/Couverture-ateliers-SC-36x36.jpeg 36w, http:\/\/www.finelouche.petitlezard.com\/wp-content\/uploads\/2020\/05\/Couverture-ateliers-SC-48x48.jpeg 48w, http:\/\/www.finelouche.petitlezard.com\/wp-content\/uploads\/2020\/05\/Couverture-ateliers-SC.jpeg 1080w\" sizes=\"auto, (max-width: 1024px) 100vw, 1024px\" \/><\/a>[\/et_pb_blurb][\/et_pb_column][et_pb_column type=\u00a0\u00bb1_2&Prime; _builder_version=\u00a0\u00bb3.19.15&Prime;][et_pb_blurb use_icon=\u00a0\u00bbon\u00a0\u00bb _builder_version=\u00a0\u00bb3.19.15&Prime; link_option_url=\u00a0\u00bbhttp:\/\/www.finelouche.petitlezard.com\/?page_id=15873&Prime;]<\/p>\n<h2 style=\"text-align: center;\">Les Ateliers Cr\u00e9atifs de Victor &amp; Ad\u00e9lie<\/h2>\n<p><a href=\"http:\/\/www.finelouche.petitlezard.com\/?page_id=15873\"><img loading=\"lazy\" decoding=\"async\" class=\"wp-image-15891 aligncenter size-large\" src=\"http:\/\/www.finelouche.petitlezard.com\/wp-content\/uploads\/2020\/05\/Couverture-aterliers-VA-1024x1024.jpeg\" alt=\"\" width=\"1024\" height=\"1024\" srcset=\"http:\/\/www.finelouche.petitlezard.com\/wp-content\/uploads\/2020\/05\/Couverture-aterliers-VA-1024x1024.jpeg 1024w, http:\/\/www.finelouche.petitlezard.com\/wp-content\/uploads\/2020\/05\/Couverture-aterliers-VA-300x300.jpeg 300w, http:\/\/www.finelouche.petitlezard.com\/wp-content\/uploads\/2020\/05\/Couverture-aterliers-VA-150x150.jpeg 150w, http:\/\/www.finelouche.petitlezard.com\/wp-content\/uploads\/2020\/05\/Couverture-aterliers-VA-768x768.jpeg 768w, http:\/\/www.finelouche.petitlezard.com\/wp-content\/uploads\/2020\/05\/Couverture-aterliers-VA-24x24.jpeg 24w, http:\/\/www.finelouche.petitlezard.com\/wp-content\/uploads\/2020\/05\/Couverture-aterliers-VA-36x36.jpeg 36w, http:\/\/www.finelouche.petitlezard.com\/wp-content\/uploads\/2020\/05\/Couverture-aterliers-VA-48x48.jpeg 48w, http:\/\/www.finelouche.petitlezard.com\/wp-content\/uploads\/2020\/05\/Couverture-aterliers-VA.jpeg 1080w\" sizes=\"auto, (max-width: 1024px) 100vw, 1024px\" \/><\/a><\/p>\n<p>[\/et_pb_blurb][\/et_pb_column][\/et_pb_row][\/et_pb_section]<\/p>\n","protected":false},"excerpt":{"rendered":"<p>[et_pb_section fb_built=\u00a0\u00bb1&Prime; _builder_version=\u00a0\u00bb3.19.15&Prime;][et_pb_row _builder_version=\u00a0\u00bb3.19.15&Prime;][et_pb_column type=\u00a0\u00bb1_2&Prime; _builder_version=\u00a0\u00bb3.19.15&Prime;][et_pb_blurb use_icon=\u00a0\u00bbon\u00a0\u00bb _builder_version=\u00a0\u00bb3.19.15&Prime; link_option_url=\u00a0\u00bbhttp:\/\/www.finelouche.petitlezard.com\/?page_id=15872&Prime;] Les Ateliers Cr\u00e9atifs de Sacr\u00e9-Coeur [\/et_pb_blurb][\/et_pb_column][et_pb_column type=\u00a0\u00bb1_2&Prime; _builder_version=\u00a0\u00bb3.19.15&Prime;][et_pb_blurb use_icon=\u00a0\u00bbon\u00a0\u00bb _builder_version=\u00a0\u00bb3.19.15&Prime; link_option_url=\u00a0\u00bbhttp:\/\/www.finelouche.petitlezard.com\/?page_id=15873&Prime;] Les Ateliers Cr\u00e9atifs de Victor &amp; Ad\u00e9lie [\/et_pb_blurb][\/et_pb_column][\/et_pb_row][\/et_pb_section]<\/p>\n","protected":false},"author":1,"featured_media":0,"parent":0,"menu_order":0,"comment_status":"closed","ping_status":"closed","template":"","meta":{"_et_pb_use_builder":"on","_et_pb_old_content":"","spay_email":"","footnotes":""},"class_list":["post-14930","page","type-page","status-publish","hentry"],"yoast_head":"<!-- This site is optimized with the Yoast SEO plugin v18.6 - https:\/\/yoast.com\/wordpress\/plugins\/seo\/ -->\n<title>Les ateliers cr\u00e9atifs de Sacr\u00e9-Coeur et de Victor et Ad\u00e9lie \u00e0 imprimer<\/title>\n<meta name=\"description\" content=\"Imprime et r\u00e9alise les diff\u00e9rents ateliers cr\u00e9atifs pour enfants de Sacr\u00e9-Coeur et de Victor et Ad\u00e9lie. Monstre, Loup-garou, Fant\u00f4me, ...\" \/>\n<meta name=\"robots\" content=\"index, follow, max-snippet:-1, max-image-preview:large, max-video-preview:-1\" \/>\n<link rel=\"canonical\" href=\"http:\/\/www.finelouche.petitlezard.com\/?page_id=14930\" \/>\n<meta property=\"og:locale\" content=\"fr_FR\" \/>\n<meta property=\"og:type\" content=\"article\" \/>\n<meta property=\"og:title\" content=\"Les ateliers cr\u00e9atifs de Sacr\u00e9-Coeur et de Victor et Ad\u00e9lie \u00e0 imprimer\" \/>\n<meta property=\"og:description\" content=\"Imprime et r\u00e9alise les diff\u00e9rents ateliers cr\u00e9atifs pour enfants de Sacr\u00e9-Coeur et de Victor et Ad\u00e9lie. Monstre, Loup-garou, Fant\u00f4me, ...\" \/>\n<meta property=\"og:url\" content=\"http:\/\/www.finelouche.petitlezard.com\/?page_id=14930\" \/>\n<meta property=\"og:site_name\" content=\"Finelouche - Laurent Audouin - Am\u00e9lie Sarn\" \/>\n<meta property=\"article:modified_time\" content=\"2020-05-25T21:13:06+00:00\" \/>\n<meta property=\"og:image\" content=\"http:\/\/www.finelouche.petitlezard.com\/wp-content\/uploads\/2020\/05\/Couverture-ateliers-SC-1024x1024.jpeg\" \/>\n<meta name=\"twitter:card\" content=\"summary_large_image\" \/>\n<script type=\"application\/ld+json\" class=\"yoast-schema-graph\">{\"@context\":\"https:\/\/schema.org\",\"@graph\":[{\"@type\":[\"Person\",\"Organization\"],\"@id\":\"http:\/\/www.finelouche.petitlezard.com\/#\/schema\/person\/73f67114688c057c63ebe91fff4b86c4\",\"name\":\"Laurent Audouin\",\"image\":{\"@type\":\"ImageObject\",\"@id\":\"http:\/\/www.finelouche.petitlezard.com\/#personlogo\",\"inLanguage\":\"fr-FR\",\"url\":\"http:\/\/www.finelouche.petitlezard.com\/wp-content\/uploads\/2019\/04\/dedicaces-1-1024x856.jpg\",\"contentUrl\":\"http:\/\/www.finelouche.petitlezard.com\/wp-content\/uploads\/2019\/04\/dedicaces-1-1024x856.jpg\",\"width\":1024,\"height\":856,\"caption\":\"Laurent Audouin\"},\"logo\":{\"@id\":\"http:\/\/www.finelouche.petitlezard.com\/#personlogo\"},\"sameAs\":[\"http:\/\/www.finelouche.petitlezard.com\/wp-admin\/user-new.php\"]},{\"@type\":\"WebSite\",\"@id\":\"http:\/\/www.finelouche.petitlezard.com\/#website\",\"url\":\"http:\/\/www.finelouche.petitlezard.com\/\",\"name\":\"Finelouche - Laurent Audouin - Am\u00e9lie Sarn\",\"description\":\"D\u00e9couvrez les aventures fantastiques de Sacr\u00e9-Coeur et Victor et Ad\u00e9lie, aventuriers axtraordinaires, ainsi que leurs auteurs Laurent Audouin et Am\u00e9lie Sarn.\",\"publisher\":{\"@id\":\"http:\/\/www.finelouche.petitlezard.com\/#\/schema\/person\/73f67114688c057c63ebe91fff4b86c4\"},\"potentialAction\":[{\"@type\":\"SearchAction\",\"target\":{\"@type\":\"EntryPoint\",\"urlTemplate\":\"http:\/\/www.finelouche.petitlezard.com\/?s={search_term_string}\"},\"query-input\":\"required name=search_term_string\"}],\"inLanguage\":\"fr-FR\"},{\"@type\":\"ImageObject\",\"@id\":\"http:\/\/www.finelouche.petitlezard.com\/?page_id=14930#primaryimage\",\"inLanguage\":\"fr-FR\",\"url\":\"http:\/\/www.finelouche.petitlezard.com\/wp-content\/uploads\/2020\/05\/Couverture-ateliers-SC.jpeg\",\"contentUrl\":\"http:\/\/www.finelouche.petitlezard.com\/wp-content\/uploads\/2020\/05\/Couverture-ateliers-SC.jpeg\",\"width\":1080,\"height\":1080},{\"@type\":\"WebPage\",\"@id\":\"http:\/\/www.finelouche.petitlezard.com\/?page_id=14930#webpage\",\"url\":\"http:\/\/www.finelouche.petitlezard.com\/?page_id=14930\",\"name\":\"Les ateliers cr\u00e9atifs de Sacr\u00e9-Coeur et de Victor et Ad\u00e9lie \u00e0 imprimer\",\"isPartOf\":{\"@id\":\"http:\/\/www.finelouche.petitlezard.com\/#website\"},\"primaryImageOfPage\":{\"@id\":\"http:\/\/www.finelouche.petitlezard.com\/?page_id=14930#primaryimage\"},\"datePublished\":\"2020-05-02T13:50:50+00:00\",\"dateModified\":\"2020-05-25T21:13:06+00:00\",\"description\":\"Imprime et r\u00e9alise les diff\u00e9rents ateliers cr\u00e9atifs pour enfants de Sacr\u00e9-Coeur et de Victor et Ad\u00e9lie. Monstre, Loup-garou, Fant\u00f4me, ...\",\"breadcrumb\":{\"@id\":\"http:\/\/www.finelouche.petitlezard.com\/?page_id=14930#breadcrumb\"},\"inLanguage\":\"fr-FR\",\"potentialAction\":[{\"@type\":\"ReadAction\",\"target\":[\"http:\/\/www.finelouche.petitlezard.com\/?page_id=14930\"]}]},{\"@type\":\"BreadcrumbList\",\"@id\":\"http:\/\/www.finelouche.petitlezard.com\/?page_id=14930#breadcrumb\",\"itemListElement\":[{\"@type\":\"ListItem\",\"position\":1,\"name\":\"Accueil\",\"item\":\"http:\/\/www.finelouche.petitlezard.com\/\"},{\"@type\":\"ListItem\",\"position\":2,\"name\":\"Ateliers cr\u00e9atifs\"}]}]}<\/script>\n<!-- \/ Yoast SEO plugin. -->","yoast_head_json":{"title":"Les ateliers cr\u00e9atifs de Sacr\u00e9-Coeur et de Victor et Ad\u00e9lie \u00e0 imprimer","description":"Imprime et r\u00e9alise les diff\u00e9rents ateliers cr\u00e9atifs pour enfants de Sacr\u00e9-Coeur et de Victor et Ad\u00e9lie. Monstre, Loup-garou, Fant\u00f4me, ...","robots":{"index":"index","follow":"follow","max-snippet":"max-snippet:-1","max-image-preview":"max-image-preview:large","max-video-preview":"max-video-preview:-1"},"canonical":"http:\/\/www.finelouche.petitlezard.com\/?page_id=14930","og_locale":"fr_FR","og_type":"article","og_title":"Les ateliers cr\u00e9atifs de Sacr\u00e9-Coeur et de Victor et Ad\u00e9lie \u00e0 imprimer","og_description":"Imprime et r\u00e9alise les diff\u00e9rents ateliers cr\u00e9atifs pour enfants de Sacr\u00e9-Coeur et de Victor et Ad\u00e9lie. Monstre, Loup-garou, Fant\u00f4me, ...","og_url":"http:\/\/www.finelouche.petitlezard.com\/?page_id=14930","og_site_name":"Finelouche - Laurent Audouin - Am\u00e9lie Sarn","article_modified_time":"2020-05-25T21:13:06+00:00","og_image":[{"url":"http:\/\/www.finelouche.petitlezard.com\/wp-content\/uploads\/2020\/05\/Couverture-ateliers-SC-1024x1024.jpeg"}],"twitter_card":"summary_large_image","schema":{"@context":"https:\/\/schema.org","@graph":[{"@type":["Person","Organization"],"@id":"http:\/\/www.finelouche.petitlezard.com\/#\/schema\/person\/73f67114688c057c63ebe91fff4b86c4","name":"Laurent Audouin","image":{"@type":"ImageObject","@id":"http:\/\/www.finelouche.petitlezard.com\/#personlogo","inLanguage":"fr-FR","url":"http:\/\/www.finelouche.petitlezard.com\/wp-content\/uploads\/2019\/04\/dedicaces-1-1024x856.jpg","contentUrl":"http:\/\/www.finelouche.petitlezard.com\/wp-content\/uploads\/2019\/04\/dedicaces-1-1024x856.jpg","width":1024,"height":856,"caption":"Laurent Audouin"},"logo":{"@id":"http:\/\/www.finelouche.petitlezard.com\/#personlogo"},"sameAs":["http:\/\/www.finelouche.petitlezard.com\/wp-admin\/user-new.php"]},{"@type":"WebSite","@id":"http:\/\/www.finelouche.petitlezard.com\/#website","url":"http:\/\/www.finelouche.petitlezard.com\/","name":"Finelouche - Laurent Audouin - Am\u00e9lie Sarn","description":"D\u00e9couvrez les aventures fantastiques de Sacr\u00e9-Coeur et Victor et Ad\u00e9lie, aventuriers axtraordinaires, ainsi que leurs auteurs Laurent Audouin et Am\u00e9lie Sarn.","publisher":{"@id":"http:\/\/www.finelouche.petitlezard.com\/#\/schema\/person\/73f67114688c057c63ebe91fff4b86c4"},"potentialAction":[{"@type":"SearchAction","target":{"@type":"EntryPoint","urlTemplate":"http:\/\/www.finelouche.petitlezard.com\/?s={search_term_string}"},"query-input":"required name=search_term_string"}],"inLanguage":"fr-FR"},{"@type":"ImageObject","@id":"http:\/\/www.finelouche.petitlezard.com\/?page_id=14930#primaryimage","inLanguage":"fr-FR","url":"http:\/\/www.finelouche.petitlezard.com\/wp-content\/uploads\/2020\/05\/Couverture-ateliers-SC.jpeg","contentUrl":"http:\/\/www.finelouche.petitlezard.com\/wp-content\/uploads\/2020\/05\/Couverture-ateliers-SC.jpeg","width":1080,"height":1080},{"@type":"WebPage","@id":"http:\/\/www.finelouche.petitlezard.com\/?page_id=14930#webpage","url":"http:\/\/www.finelouche.petitlezard.com\/?page_id=14930","name":"Les ateliers cr\u00e9atifs de Sacr\u00e9-Coeur et de Victor et Ad\u00e9lie \u00e0 imprimer","isPartOf":{"@id":"http:\/\/www.finelouche.petitlezard.com\/#website"},"primaryImageOfPage":{"@id":"http:\/\/www.finelouche.petitlezard.com\/?page_id=14930#primaryimage"},"datePublished":"2020-05-02T13:50:50+00:00","dateModified":"2020-05-25T21:13:06+00:00","description":"Imprime et r\u00e9alise les diff\u00e9rents ateliers cr\u00e9atifs pour enfants de Sacr\u00e9-Coeur et de Victor et Ad\u00e9lie. Monstre, Loup-garou, Fant\u00f4me, ...","breadcrumb":{"@id":"http:\/\/www.finelouche.petitlezard.com\/?page_id=14930#breadcrumb"},"inLanguage":"fr-FR","potentialAction":[{"@type":"ReadAction","target":["http:\/\/www.finelouche.petitlezard.com\/?page_id=14930"]}]},{"@type":"BreadcrumbList","@id":"http:\/\/www.finelouche.petitlezard.com\/?page_id=14930#breadcrumb","itemListElement":[{"@type":"ListItem","position":1,"name":"Accueil","item":"http:\/\/www.finelouche.petitlezard.com\/"},{"@type":"ListItem","position":2,"name":"Ateliers cr\u00e9atifs"}]}]}},"amp_enabled":true,"_links":{"self":[{"href":"http:\/\/www.finelouche.petitlezard.com\/index.php?rest_route=\/wp\/v2\/pages\/14930","targetHints":{"allow":["GET"]}}],"collection":[{"href":"http:\/\/www.finelouche.petitlezard.com\/index.php?rest_route=\/wp\/v2\/pages"}],"about":[{"href":"http:\/\/www.finelouche.petitlezard.com\/index.php?rest_route=\/wp\/v2\/types\/page"}],"author":[{"embeddable":true,"href":"http:\/\/www.finelouche.petitlezard.com\/index.php?rest_route=\/wp\/v2\/users\/1"}],"replies":[{"embeddable":true,"href":"http:\/\/www.finelouche.petitlezard.com\/index.php?rest_route=%2Fwp%2Fv2%2Fcomments&post=14930"}],"version-history":[{"count":48,"href":"http:\/\/www.finelouche.petitlezard.com\/index.php?rest_route=\/wp\/v2\/pages\/14930\/revisions"}],"predecessor-version":[{"id":15920,"href":"http:\/\/www.finelouche.petitlezard.com\/index.php?rest_route=\/wp\/v2\/pages\/14930\/revisions\/15920"}],"wp:attachment":[{"href":"http:\/\/www.finelouche.petitlezard.com\/index.php?rest_route=%2Fwp%2Fv2%2Fmedia&parent=14930"}],"curies":[{"name":"wp","href":"https:\/\/api.w.org\/{rel}","templated":true}]}}