{"id":14217,"date":"2019-04-02T14:50:33","date_gmt":"2019-04-02T12:50:33","guid":{"rendered":"http:\/\/www.finelouche.petitlezard.com\/?page_id=14217"},"modified":"2022-01-13T18:29:41","modified_gmt":"2022-01-13T17:29:41","slug":"exposition-de-sacre-coeur-mediatheques","status":"publish","type":"page","link":"http:\/\/www.finelouche.petitlezard.com\/?page_id=14217","title":{"rendered":"Expositions en m\u00e9diath\u00e8ques"},"content":{"rendered":"<p>[et_pb_section fb_built=\u00a0\u00bb1&Prime; _builder_version=\u00a0\u00bb3.19.15&Prime;][et_pb_row _builder_version=\u00a0\u00bb3.19.15&Prime;][et_pb_column type=\u00a0\u00bb4_4&Prime; _builder_version=\u00a0\u00bb3.19.15&Prime;][et_pb_text _builder_version=\u00a0\u00bb3.19.15&Prime; inline_fonts=\u00a0\u00bbGeorgia\u00a0\u00bb]<\/p>\n<p style=\"text-align: center;\"><span style=\"font-size: xx-large;\"><span style=\"font-family: inherit;\">Exposition \u00ab\u00a0Les aventures de Sacr\u00e9-Coeur\u00a0\u00bb<\/span><\/span><\/p>\n<p>[\/et_pb_text][\/et_pb_column][\/et_pb_row][et_pb_row _builder_version=\u00a0\u00bb3.19.15&Prime;][et_pb_column type=\u00a0\u00bb1_5&Prime; _builder_version=\u00a0\u00bb3.19.15&Prime;][\/et_pb_column][et_pb_column type=\u00a0\u00bb3_5&Prime; _builder_version=\u00a0\u00bb3.19.15&Prime;][et_pb_image src=\u00a0\u00bbhttp:\/\/www.finelouche.petitlezard.com\/wp-content\/uploads\/2019\/04\/IMG_20181014_175905-1.jpg\u00a0\u00bb _builder_version=\u00a0\u00bb3.19.15&Prime;][\/et_pb_image][\/et_pb_column][et_pb_column type=\u00a0\u00bb1_5&Prime; _builder_version=\u00a0\u00bb3.19.15&Prime;][\/et_pb_column][\/et_pb_row][et_pb_row _builder_version=\u00a0\u00bb3.19.15&Prime;][et_pb_column type=\u00a0\u00bb1_2&Prime; _builder_version=\u00a0\u00bb3.19.15&Prime;][et_pb_text _builder_version=\u00a0\u00bb3.19.15&Prime;]<\/p>\n<h4>Apr\u00e8s St-Malo, St-Germain-en-Laye, Uz\u00e8s, F\u00e9camp, Valence d&rsquo;Agen, Romainville, Poitiers, l&rsquo;\u00cele de R\u00e9, Vitry-le-Fran\u00e7ois, &#8230;<\/h4>\n<p>[\/et_pb_text][et_pb_image src=\u00a0\u00bbhttp:\/\/www.finelouche.petitlezard.com\/wp-content\/uploads\/2020\/05\/carte-de-france2020-1.jpg\u00a0\u00bb _builder_version=\u00a0\u00bb3.19.15&Prime; box_shadow_style=\u00a0\u00bbpreset1&Prime;][\/et_pb_image][\/et_pb_column][et_pb_column type=\u00a0\u00bb1_2&Prime; _builder_version=\u00a0\u00bb3.19.15&Prime;][et_pb_text _builder_version=\u00a0\u00bb3.19.15&Prime;]<\/p>\n<h4>&#8230; La grande Exposition des \u00ab\u00a0Aventures fantastiques de Sacr\u00e9-Coeur\u00a0\u00bb sera pr\u00e9sent\u00e9e \u00e0 :<\/h4>\n<p>[\/et_pb_text][et_pb_text _builder_version=\u00a0\u00bb3.19.15&Prime;]<\/p>\n<h5><strong>&#8211;<\/strong> FLEURY-SUR-ORNE du 17 F\u00e9vrier au 01 Mars 2022 (Orne)<\/h5>\n<h5><strong>&#8211; AIRVAULT du 05 au 22 Mars 2022 (Deux-S\u00e8vres)<\/strong><\/h5>\n<h5><strong>&#8211; LIGUGE du 04 au 22 Avril 2022 (Vienne)<\/strong><\/h5>\n<h5><strong>&#8211; CAEN du 17 Mai au 05 Juin 2022 (Calvados)<\/strong><\/h5>\n<h5><strong>&#8211; BILLIERE du 08 au 30 Juin 2022 (Pyr\u00e9n\u00e9es Atlantique)<\/strong><\/h5>\n<p>[\/et_pb_text][\/et_pb_column][\/et_pb_row][et_pb_row _builder_version=\u00a0\u00bb3.19.15&Prime;][et_pb_column type=\u00a0\u00bb4_4&Prime; _builder_version=\u00a0\u00bb3.19.15&Prime;][et_pb_button button_url=\u00a0\u00bbhttps:\/\/documentcloud.adobe.com\/link\/track\/?uri=urn%3Aaaid%3Ascds%3AUS%3A9cfedb55-3958-4aa7-bbba-8542d2c90434&amp;pageNum=1&Prime; button_text=\u00a0\u00bbVous trouverez ici le PDF de la fiche technique de l&rsquo;exposition.\u00a0\u00bb button_alignment=\u00a0\u00bbcenter\u00a0\u00bb _builder_version=\u00a0\u00bb3.19.15&Prime;][\/et_pb_button][\/et_pb_column][\/et_pb_row][et_pb_row _builder_version=\u00a0\u00bb3.19.15&Prime;][et_pb_column type=\u00a0\u00bb4_4&Prime; _builder_version=\u00a0\u00bb3.19.15&Prime;][et_pb_text _builder_version=\u00a0\u00bb3.19.15&Prime;]<\/p>\n<p style=\"text-align: center;\"><span style=\"font-size: xx-large;\">Plongez vous dans un premier aper\u00e7u de l&rsquo;exposition !<\/span><\/p>\n<p>[\/et_pb_text][\/et_pb_column][\/et_pb_row][et_pb_row _builder_version=\u00a0\u00bb3.19.15&Prime;][et_pb_column type=\u00a0\u00bb1_3&Prime; _builder_version=\u00a0\u00bb3.19.15&Prime;][et_pb_video src=\u00a0\u00bbhttp:\/\/www.finelouche.petitlezard.com\/wp-content\/uploads\/2020\/05\/Vid\u00e9o1_Trim.mp4&Prime; _builder_version=\u00a0\u00bb3.19.15&Prime; box_shadow_style=\u00a0\u00bbpreset1&Prime;][\/et_pb_video][\/et_pb_column][et_pb_column type=\u00a0\u00bb1_3&Prime; _builder_version=\u00a0\u00bb3.19.15&Prime;][et_pb_video src=\u00a0\u00bbhttp:\/\/www.finelouche.petitlezard.com\/wp-content\/uploads\/2020\/05\/Ame\u0301lie-Sarn-et-Laurent-Audouin-Les-Aventures-fantastiques-de-Sacre\u0301-Coeur-Ed-du-Le\u0301zard-Noir.mp4_Trim.mp4&Prime; _builder_version=\u00a0\u00bb3.19.15&Prime; box_shadow_style=\u00a0\u00bbpreset1&Prime;][\/et_pb_video][\/et_pb_column][et_pb_column type=\u00a0\u00bb1_3&Prime; _builder_version=\u00a0\u00bb3.19.15&Prime;][et_pb_video src=\u00a0\u00bbhttp:\/\/www.finelouche.petitlezard.com\/wp-content\/uploads\/2020\/05\/Laurent-Audouin-Les-Aventures-fantastiques-de-Sacr\u00e9-Coeur-2_Trim.mp4&Prime; _builder_version=\u00a0\u00bb3.19.15&Prime; box_shadow_style=\u00a0\u00bbpreset1&Prime;][\/et_pb_video][\/et_pb_column][\/et_pb_row][\/et_pb_section]<\/p>\n","protected":false},"excerpt":{"rendered":"<p>[et_pb_section fb_built=\u00a0\u00bb1&Prime; _builder_version=\u00a0\u00bb3.19.15&Prime;][et_pb_row _builder_version=\u00a0\u00bb3.19.15&Prime;][et_pb_column type=\u00a0\u00bb4_4&Prime; _builder_version=\u00a0\u00bb3.19.15&Prime;][et_pb_text _builder_version=\u00a0\u00bb3.19.15&Prime; inline_fonts=\u00a0\u00bbGeorgia\u00a0\u00bb] Exposition \u00ab\u00a0Les aventures de Sacr\u00e9-Coeur\u00a0\u00bb [\/et_pb_text][\/et_pb_column][\/et_pb_row][et_pb_row _builder_version=\u00a0\u00bb3.19.15&Prime;][et_pb_column type=\u00a0\u00bb1_5&Prime; _builder_version=\u00a0\u00bb3.19.15&Prime;][\/et_pb_column][et_pb_column type=\u00a0\u00bb3_5&Prime; _builder_version=\u00a0\u00bb3.19.15&Prime;][et_pb_image src=\u00a0\u00bbhttp:\/\/www.finelouche.petitlezard.com\/wp-content\/uploads\/2019\/04\/IMG_20181014_175905-1.jpg\u00a0\u00bb _builder_version=\u00a0\u00bb3.19.15&Prime;][\/et_pb_image][\/et_pb_column][et_pb_column type=\u00a0\u00bb1_5&Prime; _builder_version=\u00a0\u00bb3.19.15&Prime;][\/et_pb_column][\/et_pb_row][et_pb_row _builder_version=\u00a0\u00bb3.19.15&Prime;][et_pb_column type=\u00a0\u00bb1_2&Prime; _builder_version=\u00a0\u00bb3.19.15&Prime;][et_pb_text _builder_version=\u00a0\u00bb3.19.15&Prime;] Apr\u00e8s St-Malo, St-Germain-en-Laye, Uz\u00e8s, F\u00e9camp, Valence d&rsquo;Agen, Romainville, Poitiers, l&rsquo;\u00cele de R\u00e9, Vitry-le-Fran\u00e7ois, &#8230; [\/et_pb_text][et_pb_image src=\u00a0\u00bbhttp:\/\/www.finelouche.petitlezard.com\/wp-content\/uploads\/2020\/05\/carte-de-france2020-1.jpg\u00a0\u00bb _builder_version=\u00a0\u00bb3.19.15&Prime; box_shadow_style=\u00a0\u00bbpreset1&Prime;][\/et_pb_image][\/et_pb_column][et_pb_column type=\u00a0\u00bb1_2&Prime; _builder_version=\u00a0\u00bb3.19.15&Prime;][et_pb_text _builder_version=\u00a0\u00bb3.19.15&Prime;] &#8230; La grande Exposition des \u00ab\u00a0Aventures fantastiques [&hellip;]<\/p>\n","protected":false},"author":1,"featured_media":0,"parent":0,"menu_order":0,"comment_status":"closed","ping_status":"closed","template":"","meta":{"_et_pb_use_builder":"on","_et_pb_old_content":"<!-- wp:paragraph -->\n<p>Ouvrez ici le PDF  Fiche technique expo Sacr\u00e9-Coeur<\/p>\n<!-- \/wp:paragraph -->\n\n<!-- wp:file {\"id\":14553,\"href\":\"http:\/\/www.finelouche.petitlezard.com\/wp-content\/uploads\/2019\/04\/Fiche-technique-Expo-Sacr\u00e9-Coeur.pdf\"} -->\n<div class=\"wp-block-file\"><a href=\"http:\/\/www.finelouche.petitlezard.com\/wp-content\/uploads\/2019\/04\/Fiche-technique-Expo-Sacr\u00e9-Coeur.pdf\">Fiche technique Expo Sacr\u00e9-Coeur<\/a><a href=\"http:\/\/www.finelouche.petitlezard.com\/wp-content\/uploads\/2019\/04\/Fiche-technique-Expo-Sacr\u00e9-Coeur.pdf\" class=\"wp-block-file__button\" download>T\u00e9l\u00e9charger<\/a><\/div>\n<!-- \/wp:file -->","spay_email":"","footnotes":""},"class_list":["post-14217","page","type-page","status-publish","hentry"],"yoast_head":"<!-- This site is optimized with the Yoast SEO plugin v18.6 - https:\/\/yoast.com\/wordpress\/plugins\/seo\/ -->\n<title>Exposition de Sacr\u00e9-Coeur - Finelouche - Laurent Audouin - Am\u00e9lie Sarn<\/title>\n<meta name=\"description\" content=\"Retrouvez ici les dates et les lieux de pr\u00e9sentation de la grande Exposition des aventures fantastiques de Sacr\u00e9-Coeur de Laurent Audouin.\" \/>\n<meta name=\"robots\" content=\"index, follow, max-snippet:-1, max-image-preview:large, max-video-preview:-1\" \/>\n<link rel=\"canonical\" href=\"http:\/\/www.finelouche.petitlezard.com\/?page_id=14217\" \/>\n<meta property=\"og:locale\" content=\"fr_FR\" \/>\n<meta property=\"og:type\" content=\"article\" \/>\n<meta property=\"og:title\" content=\"Exposition de Sacr\u00e9-Coeur - Finelouche - Laurent Audouin - Am\u00e9lie Sarn\" \/>\n<meta property=\"og:description\" content=\"Retrouvez ici les dates et les lieux de pr\u00e9sentation de la grande Exposition des aventures fantastiques de Sacr\u00e9-Coeur de Laurent Audouin.\" \/>\n<meta property=\"og:url\" content=\"http:\/\/www.finelouche.petitlezard.com\/?page_id=14217\" \/>\n<meta property=\"og:site_name\" content=\"Finelouche - Laurent Audouin - Am\u00e9lie Sarn\" \/>\n<meta property=\"article:modified_time\" content=\"2022-01-13T17:29:41+00:00\" \/>\n<meta property=\"og:image\" content=\"http:\/\/www.finelouche.petitlezard.com\/wp-content\/uploads\/2019\/03\/couv-dessinateur.png\" \/>\n\t<meta property=\"og:image:width\" content=\"500\" \/>\n\t<meta property=\"og:image:height\" content=\"627\" \/>\n\t<meta property=\"og:image:type\" content=\"image\/png\" \/>\n<meta name=\"twitter:card\" content=\"summary_large_image\" \/>\n<meta name=\"twitter:label1\" content=\"Dur\u00e9e de lecture estim\u00e9e\" \/>\n\t<meta name=\"twitter:data1\" content=\"2 minutes\" \/>\n<script type=\"application\/ld+json\" class=\"yoast-schema-graph\">{\"@context\":\"https:\/\/schema.org\",\"@graph\":[{\"@type\":[\"Person\",\"Organization\"],\"@id\":\"http:\/\/www.finelouche.petitlezard.com\/#\/schema\/person\/73f67114688c057c63ebe91fff4b86c4\",\"name\":\"Laurent Audouin\",\"image\":{\"@type\":\"ImageObject\",\"@id\":\"http:\/\/www.finelouche.petitlezard.com\/#personlogo\",\"inLanguage\":\"fr-FR\",\"url\":\"http:\/\/www.finelouche.petitlezard.com\/wp-content\/uploads\/2019\/04\/dedicaces-1-1024x856.jpg\",\"contentUrl\":\"http:\/\/www.finelouche.petitlezard.com\/wp-content\/uploads\/2019\/04\/dedicaces-1-1024x856.jpg\",\"width\":1024,\"height\":856,\"caption\":\"Laurent Audouin\"},\"logo\":{\"@id\":\"http:\/\/www.finelouche.petitlezard.com\/#personlogo\"},\"sameAs\":[\"http:\/\/www.finelouche.petitlezard.com\/wp-admin\/user-new.php\"]},{\"@type\":\"WebSite\",\"@id\":\"http:\/\/www.finelouche.petitlezard.com\/#website\",\"url\":\"http:\/\/www.finelouche.petitlezard.com\/\",\"name\":\"Finelouche - Laurent Audouin - Am\u00e9lie Sarn\",\"description\":\"D\u00e9couvrez les aventures fantastiques de Sacr\u00e9-Coeur et Victor et Ad\u00e9lie, aventuriers axtraordinaires, ainsi que leurs auteurs Laurent Audouin et Am\u00e9lie Sarn.\",\"publisher\":{\"@id\":\"http:\/\/www.finelouche.petitlezard.com\/#\/schema\/person\/73f67114688c057c63ebe91fff4b86c4\"},\"potentialAction\":[{\"@type\":\"SearchAction\",\"target\":{\"@type\":\"EntryPoint\",\"urlTemplate\":\"http:\/\/www.finelouche.petitlezard.com\/?s={search_term_string}\"},\"query-input\":\"required name=search_term_string\"}],\"inLanguage\":\"fr-FR\"},{\"@type\":\"WebPage\",\"@id\":\"http:\/\/www.finelouche.petitlezard.com\/?page_id=14217#webpage\",\"url\":\"http:\/\/www.finelouche.petitlezard.com\/?page_id=14217\",\"name\":\"Exposition de Sacr\u00e9-Coeur - Finelouche - Laurent Audouin - Am\u00e9lie Sarn\",\"isPartOf\":{\"@id\":\"http:\/\/www.finelouche.petitlezard.com\/#website\"},\"datePublished\":\"2019-04-02T12:50:33+00:00\",\"dateModified\":\"2022-01-13T17:29:41+00:00\",\"description\":\"Retrouvez ici les dates et les lieux de pr\u00e9sentation de la grande Exposition des aventures fantastiques de Sacr\u00e9-Coeur de Laurent Audouin.\",\"breadcrumb\":{\"@id\":\"http:\/\/www.finelouche.petitlezard.com\/?page_id=14217#breadcrumb\"},\"inLanguage\":\"fr-FR\",\"potentialAction\":[{\"@type\":\"ReadAction\",\"target\":[\"http:\/\/www.finelouche.petitlezard.com\/?page_id=14217\"]}]},{\"@type\":\"BreadcrumbList\",\"@id\":\"http:\/\/www.finelouche.petitlezard.com\/?page_id=14217#breadcrumb\",\"itemListElement\":[{\"@type\":\"ListItem\",\"position\":1,\"name\":\"Accueil\",\"item\":\"http:\/\/www.finelouche.petitlezard.com\/\"},{\"@type\":\"ListItem\",\"position\":2,\"name\":\"Expositions en m\u00e9diath\u00e8ques\"}]}]}<\/script>\n<!-- \/ Yoast SEO plugin. -->","yoast_head_json":{"title":"Exposition de Sacr\u00e9-Coeur - Finelouche - Laurent Audouin - Am\u00e9lie Sarn","description":"Retrouvez ici les dates et les lieux de pr\u00e9sentation de la grande Exposition des aventures fantastiques de Sacr\u00e9-Coeur de Laurent Audouin.","robots":{"index":"index","follow":"follow","max-snippet":"max-snippet:-1","max-image-preview":"max-image-preview:large","max-video-preview":"max-video-preview:-1"},"canonical":"http:\/\/www.finelouche.petitlezard.com\/?page_id=14217","og_locale":"fr_FR","og_type":"article","og_title":"Exposition de Sacr\u00e9-Coeur - Finelouche - Laurent Audouin - Am\u00e9lie Sarn","og_description":"Retrouvez ici les dates et les lieux de pr\u00e9sentation de la grande Exposition des aventures fantastiques de Sacr\u00e9-Coeur de Laurent Audouin.","og_url":"http:\/\/www.finelouche.petitlezard.com\/?page_id=14217","og_site_name":"Finelouche - Laurent Audouin - Am\u00e9lie Sarn","article_modified_time":"2022-01-13T17:29:41+00:00","og_image":[{"width":500,"height":627,"url":"http:\/\/www.finelouche.petitlezard.com\/wp-content\/uploads\/2019\/03\/couv-dessinateur.png","type":"image\/png"}],"twitter_card":"summary_large_image","twitter_misc":{"Dur\u00e9e de lecture estim\u00e9e":"2 minutes"},"schema":{"@context":"https:\/\/schema.org","@graph":[{"@type":["Person","Organization"],"@id":"http:\/\/www.finelouche.petitlezard.com\/#\/schema\/person\/73f67114688c057c63ebe91fff4b86c4","name":"Laurent Audouin","image":{"@type":"ImageObject","@id":"http:\/\/www.finelouche.petitlezard.com\/#personlogo","inLanguage":"fr-FR","url":"http:\/\/www.finelouche.petitlezard.com\/wp-content\/uploads\/2019\/04\/dedicaces-1-1024x856.jpg","contentUrl":"http:\/\/www.finelouche.petitlezard.com\/wp-content\/uploads\/2019\/04\/dedicaces-1-1024x856.jpg","width":1024,"height":856,"caption":"Laurent Audouin"},"logo":{"@id":"http:\/\/www.finelouche.petitlezard.com\/#personlogo"},"sameAs":["http:\/\/www.finelouche.petitlezard.com\/wp-admin\/user-new.php"]},{"@type":"WebSite","@id":"http:\/\/www.finelouche.petitlezard.com\/#website","url":"http:\/\/www.finelouche.petitlezard.com\/","name":"Finelouche - Laurent Audouin - Am\u00e9lie Sarn","description":"D\u00e9couvrez les aventures fantastiques de Sacr\u00e9-Coeur et Victor et Ad\u00e9lie, aventuriers axtraordinaires, ainsi que leurs auteurs Laurent Audouin et Am\u00e9lie Sarn.","publisher":{"@id":"http:\/\/www.finelouche.petitlezard.com\/#\/schema\/person\/73f67114688c057c63ebe91fff4b86c4"},"potentialAction":[{"@type":"SearchAction","target":{"@type":"EntryPoint","urlTemplate":"http:\/\/www.finelouche.petitlezard.com\/?s={search_term_string}"},"query-input":"required name=search_term_string"}],"inLanguage":"fr-FR"},{"@type":"WebPage","@id":"http:\/\/www.finelouche.petitlezard.com\/?page_id=14217#webpage","url":"http:\/\/www.finelouche.petitlezard.com\/?page_id=14217","name":"Exposition de Sacr\u00e9-Coeur - Finelouche - Laurent Audouin - Am\u00e9lie Sarn","isPartOf":{"@id":"http:\/\/www.finelouche.petitlezard.com\/#website"},"datePublished":"2019-04-02T12:50:33+00:00","dateModified":"2022-01-13T17:29:41+00:00","description":"Retrouvez ici les dates et les lieux de pr\u00e9sentation de la grande Exposition des aventures fantastiques de Sacr\u00e9-Coeur de Laurent Audouin.","breadcrumb":{"@id":"http:\/\/www.finelouche.petitlezard.com\/?page_id=14217#breadcrumb"},"inLanguage":"fr-FR","potentialAction":[{"@type":"ReadAction","target":["http:\/\/www.finelouche.petitlezard.com\/?page_id=14217"]}]},{"@type":"BreadcrumbList","@id":"http:\/\/www.finelouche.petitlezard.com\/?page_id=14217#breadcrumb","itemListElement":[{"@type":"ListItem","position":1,"name":"Accueil","item":"http:\/\/www.finelouche.petitlezard.com\/"},{"@type":"ListItem","position":2,"name":"Expositions en m\u00e9diath\u00e8ques"}]}]}},"amp_enabled":true,"_links":{"self":[{"href":"http:\/\/www.finelouche.petitlezard.com\/index.php?rest_route=\/wp\/v2\/pages\/14217","targetHints":{"allow":["GET"]}}],"collection":[{"href":"http:\/\/www.finelouche.petitlezard.com\/index.php?rest_route=\/wp\/v2\/pages"}],"about":[{"href":"http:\/\/www.finelouche.petitlezard.com\/index.php?rest_route=\/wp\/v2\/types\/page"}],"author":[{"embeddable":true,"href":"http:\/\/www.finelouche.petitlezard.com\/index.php?rest_route=\/wp\/v2\/users\/1"}],"replies":[{"embeddable":true,"href":"http:\/\/www.finelouche.petitlezard.com\/index.php?rest_route=%2Fwp%2Fv2%2Fcomments&post=14217"}],"version-history":[{"count":38,"href":"http:\/\/www.finelouche.petitlezard.com\/index.php?rest_route=\/wp\/v2\/pages\/14217\/revisions"}],"predecessor-version":[{"id":16325,"href":"http:\/\/www.finelouche.petitlezard.com\/index.php?rest_route=\/wp\/v2\/pages\/14217\/revisions\/16325"}],"wp:attachment":[{"href":"http:\/\/www.finelouche.petitlezard.com\/index.php?rest_route=%2Fwp%2Fv2%2Fmedia&parent=14217"}],"curies":[{"name":"wp","href":"https:\/\/api.w.org\/{rel}","templated":true}]}}