{"id":14187,"date":"2019-04-02T14:41:34","date_gmt":"2019-04-02T12:41:34","guid":{"rendered":"http:\/\/www.finelouche.petitlezard.com\/?page_id=14187"},"modified":"2022-01-14T18:00:46","modified_gmt":"2022-01-14T17:00:46","slug":"dates-dedicaces-laurent-audouin-amelie-sarn","status":"publish","type":"page","link":"http:\/\/www.finelouche.petitlezard.com\/?page_id=14187","title":{"rendered":"D\u00e9dicaces"},"content":{"rendered":"<p>[et_pb_section fb_built=\u00a0\u00bb1&Prime; _builder_version=\u00a0\u00bb3.19.15&Prime; custom_padding=\u00a0\u00bb54px|0|54px|0px|false|false\u00a0\u00bb][et_pb_row _builder_version=\u00a0\u00bb3.19.15&Prime;][et_pb_column type=\u00a0\u00bb1_2&Prime; _builder_version=\u00a0\u00bb3.19.15&Prime;][et_pb_image src=\u00a0\u00bbhttp:\/\/www.finelouche.petitlezard.com\/wp-content\/uploads\/2019\/04\/Laurent-audouin-en-d\u00e9dicasse-texte-1.jpg\u00a0\u00bb _builder_version=\u00a0\u00bb3.19.15&Prime;][\/et_pb_image][\/et_pb_column][et_pb_column type=\u00a0\u00bb1_2&Prime; _builder_version=\u00a0\u00bb3.19.15&Prime;][et_pb_image src=\u00a0\u00bbhttp:\/\/www.finelouche.petitlezard.com\/wp-content\/uploads\/2019\/04\/Am\u00e9lie-sarn-en-d\u00e9dicace-texte-1.jpg\u00a0\u00bb _builder_version=\u00a0\u00bb3.19.15&Prime;][\/et_pb_image][\/et_pb_column][\/et_pb_row][et_pb_row _builder_version=\u00a0\u00bb3.19.15&Prime;][et_pb_column type=\u00a0\u00bb1_2&Prime; _builder_version=\u00a0\u00bb3.19.15&Prime;][et_pb_text _builder_version=\u00a0\u00bb3.19.15&Prime;]<\/p>\n<p style=\"text-align: center;\">Retrouvez Laurent AUDOUIN :<\/p>\n<p><strong>Samedi 22 janvier 2022<\/strong><\/p>\n<p>D\u00e9dicace \u00e0 la librairie Libellule et Coccinelle (Paris 09) de 11h \u00e0 13h, et \u00e0 la librairie NORDEST (Paris 10) de 16h \u00e0 18h<\/p>\n<p>_______________________________________________________________________<\/p>\n<p><strong>Samedi 29 janvier 2022<\/strong><\/p>\n<p>D\u00e9dicace \u00e0 la librairie TSCHANN (Paris 06) de 11h \u00e0 13h, \u00e0 la librairie Chantelivre (Paris 06) de 14h \u00e0 16h et \u00e0 la librairie La Petite Boucherie (Paris 05) de 16h30 \u00e0 18h30<\/p>\n<p>_______________________________________________________________________<\/p>\n<p><strong>Samedi 5 f\u00e9vrier 2022<\/strong><\/p>\n<p>Salon du livre de Villebois La Valette (Charente)<\/p>\n<p>_______________________________________________________________________<\/p>\n<p><strong>Samedi 12 Mars 2022\u00a0<\/strong><\/p>\n<p>Salon du Livre Jeunesse de Valence d&rsquo;Agen (Tarn et Garonne)<\/p>\n<p>_______________________________________________________________________<\/p>\n<p><strong>Du 26 au 27 Mars 2022\u00a0<\/strong><\/p>\n<p>Salon du Livre Jeunesse Bloody Fleury \u00e0 Fleury -sur-Orne (Orne)<\/p>\n<p>_______________________________________________________________________<\/p>\n<p><strong>Samedi 19 Mars 2022<\/strong><\/p>\n<p>Salon du Livre d&rsquo;Airvault (Deux-S\u00e8vres)<\/p>\n<p>_______________________________________________________________________<\/p>\n<p><strong>Samedi 26 Mars 2022<\/strong><\/p>\n<p>Salon du Livre de Chatillon Saint Jean (Dr\u00f4me)<\/p>\n<p>_______________________________________________________________________<\/p>\n<p><strong>Samedi 02 Avril 2022<\/strong><\/p>\n<p>Salon du Livre de Br\u00e9vin-les-Pins (Loire Atlantique)<\/p>\n<p>_______________________________________________________________________<\/p>\n<p><strong>Samedi 09 Avril 2022<\/strong><\/p>\n<p>Salon du Livre de Mirande (Gers)<\/p>\n<p>_______________________________________________________________________<\/p>\n<p><strong>Samedi 16 Avril 2022<\/strong><\/p>\n<p>Salon du Livre de Firmi (Aveyron)<\/p>\n<p>_______________________________________________________________________<\/p>\n<p><strong>Samedi 14 Mai 2022<\/strong><\/p>\n<p>Salon du Livre \u00ab\u00a0P&rsquo;tits pois du livre \u00a0\u00bb de Brive (Corr\u00e8ze)<\/p>\n<p>_______________________________________________________________________<\/p>\n<p><strong>Du 21 au 22 Mai 2022<\/strong><\/p>\n<p>Salon du Livre \u00ab\u00a0Epok\u00a0\u00bb de Caen (Calvados)<\/p>\n<p>_______________________________________________________________________<\/p>\n<p><strong>Du 11 au 12 Juin 2022\u00a0<\/strong><\/p>\n<p>Salon du Livre de Billi\u00e8re (Pyr\u00e9n\u00e9es Atlantique)<\/p>\n<p>[\/et_pb_text][\/et_pb_column][et_pb_column type=\u00a0\u00bb1_2&Prime; _builder_version=\u00a0\u00bb3.19.15&Prime;][et_pb_text _builder_version=\u00a0\u00bb3.19.15&Prime;]<\/p>\n<p style=\"text-align: center;\">Retrouvez Am\u00e9lie :<\/p>\n<p><strong>Du 2 au 4 Avril 2021 \u00e0 Billi\u00e8re (31)<\/strong><\/p>\n<p>Salon du Livre de Billi\u00e8re<\/p>\n<p>________________________________________________________________________<\/p>\n<p><b>Du 31 Mai au 4 Juin 2021 \u00e0 St-Symphorien (33)<\/b><\/p>\n<p>Salon du Livre de St-Symphorien<\/p>\n<p>[\/et_pb_text][\/et_pb_column][\/et_pb_row][\/et_pb_section]<\/p>\n","protected":false},"excerpt":{"rendered":"<p>[et_pb_section fb_built=\u00a0\u00bb1&Prime; _builder_version=\u00a0\u00bb3.19.15&Prime; custom_padding=\u00a0\u00bb54px|0|54px|0px|false|false\u00a0\u00bb][et_pb_row _builder_version=\u00a0\u00bb3.19.15&Prime;][et_pb_column type=\u00a0\u00bb1_2&Prime; _builder_version=\u00a0\u00bb3.19.15&Prime;][et_pb_image src=\u00a0\u00bbhttp:\/\/www.finelouche.petitlezard.com\/wp-content\/uploads\/2019\/04\/Laurent-audouin-en-d\u00e9dicasse-texte-1.jpg\u00a0\u00bb _builder_version=\u00a0\u00bb3.19.15&Prime;][\/et_pb_image][\/et_pb_column][et_pb_column type=\u00a0\u00bb1_2&Prime; _builder_version=\u00a0\u00bb3.19.15&Prime;][et_pb_image src=\u00a0\u00bbhttp:\/\/www.finelouche.petitlezard.com\/wp-content\/uploads\/2019\/04\/Am\u00e9lie-sarn-en-d\u00e9dicace-texte-1.jpg\u00a0\u00bb _builder_version=\u00a0\u00bb3.19.15&Prime;][\/et_pb_image][\/et_pb_column][\/et_pb_row][et_pb_row _builder_version=\u00a0\u00bb3.19.15&Prime;][et_pb_column type=\u00a0\u00bb1_2&Prime; _builder_version=\u00a0\u00bb3.19.15&Prime;][et_pb_text _builder_version=\u00a0\u00bb3.19.15&Prime;] Retrouvez Laurent AUDOUIN : Samedi 22 janvier 2022 D\u00e9dicace \u00e0 la librairie Libellule et Coccinelle (Paris 09) de 11h \u00e0 13h, et \u00e0 la librairie NORDEST (Paris 10) de 16h \u00e0 18h _______________________________________________________________________ Samedi 29 janvier 2022 D\u00e9dicace [&hellip;]<\/p>\n","protected":false},"author":1,"featured_media":0,"parent":0,"menu_order":0,"comment_status":"closed","ping_status":"closed","template":"","meta":{"_et_pb_use_builder":"on","_et_pb_old_content":"","spay_email":"","footnotes":""},"class_list":["post-14187","page","type-page","status-publish","hentry"],"yoast_head":"<!-- This site is optimized with the Yoast SEO plugin v18.6 - https:\/\/yoast.com\/wordpress\/plugins\/seo\/ -->\n<title>Dates d\u00e9dicaces Audouin Laurent et Sarn Am\u00e9lie - Finelouche<\/title>\n<meta name=\"description\" content=\"Retrouvez dans l&#039;agenda toutes les dates et lieux des prochaines s\u00e9ances de d\u00e9dicaces des albums de Laurent Audouin et Am\u00e9lie Sarn\" \/>\n<meta name=\"robots\" content=\"index, follow, max-snippet:-1, max-image-preview:large, max-video-preview:-1\" \/>\n<link rel=\"canonical\" href=\"http:\/\/www.finelouche.petitlezard.com\/?page_id=14187\" \/>\n<meta property=\"og:locale\" content=\"fr_FR\" \/>\n<meta property=\"og:type\" content=\"article\" \/>\n<meta property=\"og:title\" content=\"Dates d\u00e9dicaces Audouin Laurent et Sarn Am\u00e9lie - Finelouche\" \/>\n<meta property=\"og:description\" content=\"Retrouvez dans l&#039;agenda toutes les dates et lieux des prochaines s\u00e9ances de d\u00e9dicaces des albums de Laurent Audouin et Am\u00e9lie Sarn\" \/>\n<meta property=\"og:url\" content=\"http:\/\/www.finelouche.petitlezard.com\/?page_id=14187\" \/>\n<meta property=\"og:site_name\" content=\"Finelouche - Laurent Audouin - Am\u00e9lie Sarn\" \/>\n<meta property=\"article:modified_time\" content=\"2022-01-14T17:00:46+00:00\" \/>\n<meta property=\"og:image\" content=\"http:\/\/www.finelouche.petitlezard.com\/wp-content\/uploads\/2019\/03\/couv-dessinateur.png\" \/>\n\t<meta property=\"og:image:width\" content=\"500\" \/>\n\t<meta property=\"og:image:height\" content=\"627\" \/>\n\t<meta property=\"og:image:type\" content=\"image\/png\" \/>\n<meta name=\"twitter:card\" content=\"summary_large_image\" \/>\n<meta name=\"twitter:label1\" content=\"Dur\u00e9e de lecture estim\u00e9e\" \/>\n\t<meta name=\"twitter:data1\" content=\"2 minutes\" \/>\n<script type=\"application\/ld+json\" class=\"yoast-schema-graph\">{\"@context\":\"https:\/\/schema.org\",\"@graph\":[{\"@type\":[\"Person\",\"Organization\"],\"@id\":\"http:\/\/www.finelouche.petitlezard.com\/#\/schema\/person\/73f67114688c057c63ebe91fff4b86c4\",\"name\":\"Laurent Audouin\",\"image\":{\"@type\":\"ImageObject\",\"@id\":\"http:\/\/www.finelouche.petitlezard.com\/#personlogo\",\"inLanguage\":\"fr-FR\",\"url\":\"http:\/\/www.finelouche.petitlezard.com\/wp-content\/uploads\/2019\/04\/dedicaces-1-1024x856.jpg\",\"contentUrl\":\"http:\/\/www.finelouche.petitlezard.com\/wp-content\/uploads\/2019\/04\/dedicaces-1-1024x856.jpg\",\"width\":1024,\"height\":856,\"caption\":\"Laurent Audouin\"},\"logo\":{\"@id\":\"http:\/\/www.finelouche.petitlezard.com\/#personlogo\"},\"sameAs\":[\"http:\/\/www.finelouche.petitlezard.com\/wp-admin\/user-new.php\"]},{\"@type\":\"WebSite\",\"@id\":\"http:\/\/www.finelouche.petitlezard.com\/#website\",\"url\":\"http:\/\/www.finelouche.petitlezard.com\/\",\"name\":\"Finelouche - Laurent Audouin - Am\u00e9lie Sarn\",\"description\":\"D\u00e9couvrez les aventures fantastiques de Sacr\u00e9-Coeur et Victor et Ad\u00e9lie, aventuriers axtraordinaires, ainsi que leurs auteurs Laurent Audouin et Am\u00e9lie Sarn.\",\"publisher\":{\"@id\":\"http:\/\/www.finelouche.petitlezard.com\/#\/schema\/person\/73f67114688c057c63ebe91fff4b86c4\"},\"potentialAction\":[{\"@type\":\"SearchAction\",\"target\":{\"@type\":\"EntryPoint\",\"urlTemplate\":\"http:\/\/www.finelouche.petitlezard.com\/?s={search_term_string}\"},\"query-input\":\"required name=search_term_string\"}],\"inLanguage\":\"fr-FR\"},{\"@type\":\"WebPage\",\"@id\":\"http:\/\/www.finelouche.petitlezard.com\/?page_id=14187#webpage\",\"url\":\"http:\/\/www.finelouche.petitlezard.com\/?page_id=14187\",\"name\":\"Dates d\u00e9dicaces Audouin Laurent et Sarn Am\u00e9lie - Finelouche\",\"isPartOf\":{\"@id\":\"http:\/\/www.finelouche.petitlezard.com\/#website\"},\"datePublished\":\"2019-04-02T12:41:34+00:00\",\"dateModified\":\"2022-01-14T17:00:46+00:00\",\"description\":\"Retrouvez dans l'agenda toutes les dates et lieux des prochaines s\u00e9ances de d\u00e9dicaces des albums de Laurent Audouin et Am\u00e9lie Sarn\",\"breadcrumb\":{\"@id\":\"http:\/\/www.finelouche.petitlezard.com\/?page_id=14187#breadcrumb\"},\"inLanguage\":\"fr-FR\",\"potentialAction\":[{\"@type\":\"ReadAction\",\"target\":[\"http:\/\/www.finelouche.petitlezard.com\/?page_id=14187\"]}]},{\"@type\":\"BreadcrumbList\",\"@id\":\"http:\/\/www.finelouche.petitlezard.com\/?page_id=14187#breadcrumb\",\"itemListElement\":[{\"@type\":\"ListItem\",\"position\":1,\"name\":\"Accueil\",\"item\":\"http:\/\/www.finelouche.petitlezard.com\/\"},{\"@type\":\"ListItem\",\"position\":2,\"name\":\"D\u00e9dicaces\"}]}]}<\/script>\n<!-- \/ Yoast SEO plugin. -->","yoast_head_json":{"title":"Dates d\u00e9dicaces Audouin Laurent et Sarn Am\u00e9lie - Finelouche","description":"Retrouvez dans l'agenda toutes les dates et lieux des prochaines s\u00e9ances de d\u00e9dicaces des albums de Laurent Audouin et Am\u00e9lie Sarn","robots":{"index":"index","follow":"follow","max-snippet":"max-snippet:-1","max-image-preview":"max-image-preview:large","max-video-preview":"max-video-preview:-1"},"canonical":"http:\/\/www.finelouche.petitlezard.com\/?page_id=14187","og_locale":"fr_FR","og_type":"article","og_title":"Dates d\u00e9dicaces Audouin Laurent et Sarn Am\u00e9lie - Finelouche","og_description":"Retrouvez dans l'agenda toutes les dates et lieux des prochaines s\u00e9ances de d\u00e9dicaces des albums de Laurent Audouin et Am\u00e9lie Sarn","og_url":"http:\/\/www.finelouche.petitlezard.com\/?page_id=14187","og_site_name":"Finelouche - Laurent Audouin - Am\u00e9lie Sarn","article_modified_time":"2022-01-14T17:00:46+00:00","og_image":[{"width":500,"height":627,"url":"http:\/\/www.finelouche.petitlezard.com\/wp-content\/uploads\/2019\/03\/couv-dessinateur.png","type":"image\/png"}],"twitter_card":"summary_large_image","twitter_misc":{"Dur\u00e9e de lecture estim\u00e9e":"2 minutes"},"schema":{"@context":"https:\/\/schema.org","@graph":[{"@type":["Person","Organization"],"@id":"http:\/\/www.finelouche.petitlezard.com\/#\/schema\/person\/73f67114688c057c63ebe91fff4b86c4","name":"Laurent Audouin","image":{"@type":"ImageObject","@id":"http:\/\/www.finelouche.petitlezard.com\/#personlogo","inLanguage":"fr-FR","url":"http:\/\/www.finelouche.petitlezard.com\/wp-content\/uploads\/2019\/04\/dedicaces-1-1024x856.jpg","contentUrl":"http:\/\/www.finelouche.petitlezard.com\/wp-content\/uploads\/2019\/04\/dedicaces-1-1024x856.jpg","width":1024,"height":856,"caption":"Laurent Audouin"},"logo":{"@id":"http:\/\/www.finelouche.petitlezard.com\/#personlogo"},"sameAs":["http:\/\/www.finelouche.petitlezard.com\/wp-admin\/user-new.php"]},{"@type":"WebSite","@id":"http:\/\/www.finelouche.petitlezard.com\/#website","url":"http:\/\/www.finelouche.petitlezard.com\/","name":"Finelouche - Laurent Audouin - Am\u00e9lie Sarn","description":"D\u00e9couvrez les aventures fantastiques de Sacr\u00e9-Coeur et Victor et Ad\u00e9lie, aventuriers axtraordinaires, ainsi que leurs auteurs Laurent Audouin et Am\u00e9lie Sarn.","publisher":{"@id":"http:\/\/www.finelouche.petitlezard.com\/#\/schema\/person\/73f67114688c057c63ebe91fff4b86c4"},"potentialAction":[{"@type":"SearchAction","target":{"@type":"EntryPoint","urlTemplate":"http:\/\/www.finelouche.petitlezard.com\/?s={search_term_string}"},"query-input":"required name=search_term_string"}],"inLanguage":"fr-FR"},{"@type":"WebPage","@id":"http:\/\/www.finelouche.petitlezard.com\/?page_id=14187#webpage","url":"http:\/\/www.finelouche.petitlezard.com\/?page_id=14187","name":"Dates d\u00e9dicaces Audouin Laurent et Sarn Am\u00e9lie - Finelouche","isPartOf":{"@id":"http:\/\/www.finelouche.petitlezard.com\/#website"},"datePublished":"2019-04-02T12:41:34+00:00","dateModified":"2022-01-14T17:00:46+00:00","description":"Retrouvez dans l'agenda toutes les dates et lieux des prochaines s\u00e9ances de d\u00e9dicaces des albums de Laurent Audouin et Am\u00e9lie Sarn","breadcrumb":{"@id":"http:\/\/www.finelouche.petitlezard.com\/?page_id=14187#breadcrumb"},"inLanguage":"fr-FR","potentialAction":[{"@type":"ReadAction","target":["http:\/\/www.finelouche.petitlezard.com\/?page_id=14187"]}]},{"@type":"BreadcrumbList","@id":"http:\/\/www.finelouche.petitlezard.com\/?page_id=14187#breadcrumb","itemListElement":[{"@type":"ListItem","position":1,"name":"Accueil","item":"http:\/\/www.finelouche.petitlezard.com\/"},{"@type":"ListItem","position":2,"name":"D\u00e9dicaces"}]}]}},"amp_enabled":true,"_links":{"self":[{"href":"http:\/\/www.finelouche.petitlezard.com\/index.php?rest_route=\/wp\/v2\/pages\/14187","targetHints":{"allow":["GET"]}}],"collection":[{"href":"http:\/\/www.finelouche.petitlezard.com\/index.php?rest_route=\/wp\/v2\/pages"}],"about":[{"href":"http:\/\/www.finelouche.petitlezard.com\/index.php?rest_route=\/wp\/v2\/types\/page"}],"author":[{"embeddable":true,"href":"http:\/\/www.finelouche.petitlezard.com\/index.php?rest_route=\/wp\/v2\/users\/1"}],"replies":[{"embeddable":true,"href":"http:\/\/www.finelouche.petitlezard.com\/index.php?rest_route=%2Fwp%2Fv2%2Fcomments&post=14187"}],"version-history":[{"count":35,"href":"http:\/\/www.finelouche.petitlezard.com\/index.php?rest_route=\/wp\/v2\/pages\/14187\/revisions"}],"predecessor-version":[{"id":16328,"href":"http:\/\/www.finelouche.petitlezard.com\/index.php?rest_route=\/wp\/v2\/pages\/14187\/revisions\/16328"}],"wp:attachment":[{"href":"http:\/\/www.finelouche.petitlezard.com\/index.php?rest_route=%2Fwp%2Fv2%2Fmedia&parent=14187"}],"curies":[{"name":"wp","href":"https:\/\/api.w.org\/{rel}","templated":true}]}}